{"id":867,"date":"2017-08-29T18:54:01","date_gmt":"2017-08-29T16:54:01","guid":{"rendered":"http:\/\/agathonet.com\/cs\/?page_id=867"},"modified":"2017-11-12T15:01:27","modified_gmt":"2017-11-12T14:01:27","slug":"kaplicka-sv-jana-nepomuckeho","status":"publish","type":"page","link":"https:\/\/www.farnost-jablunkov.cz\/pl\/kaplicka-sv-jana-nepomuckeho","title":{"rendered":"\u015bw. Jana Nepomucena"},"content":{"rendered":"<p style=\"text-align: justify;\"><span style=\"font-family: georgia,palatino,serif; font-size: 14pt;\"><img loading=\"lazy\" decoding=\"async\" class=\" wp-image-868 alignright\" src=\"www.farnost-jablunkov.cz\/wp-content\/uploads\/2017\/08\/DSC00988-300x225.jpg\" alt=\"\" width=\"434\" height=\"325\" srcset=\"https:\/\/www.farnost-jablunkov.cz\/wp-content\/uploads\/2017\/08\/DSC00988-300x225.jpg 300w, https:\/\/www.farnost-jablunkov.cz\/wp-content\/uploads\/2017\/08\/DSC00988-768x576.jpg 768w, https:\/\/www.farnost-jablunkov.cz\/wp-content\/uploads\/2017\/08\/DSC00988-1024x768.jpg 1024w, https:\/\/www.farnost-jablunkov.cz\/wp-content\/uploads\/2017\/08\/DSC00988.jpg 1365w\" sizes=\"(max-width: 434px) 100vw, 434px\" \/><\/span><\/p>\n<p style=\"text-align: justify;\"><span style=\"font-family: georgia,palatino,serif; font-size: 14pt;\">\u00a0<\/span><\/p>\n<p style=\"text-align: justify;\"><span style=\"font-family: georgia, palatino, serif; font-size: 14pt;\">\u00a0\u00a0\u00a0\u00a0\u00a0\u00a0\u00a0\u00a0\u00a0\u00a0\u00a0\u00a0\u00a0\u00a0\u00a0 W Jab\u0142onkowie na \u201eBiydzie\u201d obok gospody od \u015aniegonia sta\u0142a kapliczka, z kt\u00f3r\u0105 wi\u0105\u017ce si\u0119 nast\u0105puj\u0105ca opowie\u015b\u0107. W dawnych czasach przechodzi\u0142y przez Jab\u0142onk\u00f3w wojska szwedzkie. Dosz\u0142o do boju, podczas kt\u00f3rego zgin\u0105\u0142 ich dow\u00f3dca. W rezultacie bitwa by\u0142a \u00a0przez Jab\u0142onkowian przegrana i w konsekwencji musieli oni zap\u0142aci\u0107 tyle z\u0142ota i srebra, ile wa\u017cy\u0142 ko\u0144 dow\u00f3dcy. Dla upami\u0119tnienia dow\u00f3dcy, by\u0142a z cz\u0119\u015bci walecznego \u0142upu, wybudowana kapliczka na Biydzie, kt\u00f3ra by\u0142a po\u015bwi\u0119cona \u015bwi\u0119temu Janowi Nepomucenowi. (Ta opowie\u015b\u0107 jest stosunkowo ma\u0142o znana i z pewno\u015bci\u0105\u00a0 troch\u0119 przyozdobiona). Kaplica zosta\u0142a wybudowana w 1849 roku a w latach 70-tych minionego stulecia musia\u0142a ust\u0105pi\u0107 nowym zabudowaniom mieszkalnym.<\/span><\/p>\n<p style=\"text-align: justify;\"><span style=\"font-family: georgia, palatino, serif; font-size: 14pt;\">\u00a0\u00a0\u00a0\u00a0\u00a0\u00a0\u00a0\u00a0\u00a0\u00a0\u00a0\u00a0\u00a0\u00a0\u00a0 Podczas posiedzienia Fronty Narodowej \u00a0w Jab\u0142onkowie, \u00a0w trakcie dyskusji odno\u015bnie budownictwa nowych mieszka\u0144, \u00a0zosta\u0142 omawiany warunek rozbi\u00f3rki kaplicy. Ostatecznie przewodnicz\u0105cy Komitetu Narodowego Viktor Sikora i przewodnicz\u0105cy Fronty Narodowej Vilem Gemroth zgodzili si\u0119 na zmian\u0119 miejsca kaplicy, w dowolnym miejscu i bez dotacji pieni\u0119\u017cnych, a za\u0142atwienie danego zadania by\u0142o przekazane Aloisowi Ruckiemu, cz\u0142onkowi Fronty Narodowej za Czechos\u0142owack\u0105 Pari\u0119 Ludow\u0105. Zgod\u0119 na relokacj\u0119 kaplicy da\u0142 r\u00f3wnie\u017c jab\u0142onkowski wikary Ks. Old\u0159ich Pracha\u0159. Nie zosta\u0142a jednak rozwi\u0105zana sprawa umiejscowienia kaplicy.<\/span><\/p>\n<p style=\"text-align: justify;\"><span style=\"font-family: georgia, palatino, serif; font-size: 14pt;\">\u00a0\u00a0\u00a0\u00a0\u00a0\u00a0\u00a0\u00a0\u00a0\u00a0\u00a0\u00a0\u00a0\u00a0\u00a0 Pewnego popo\u0142udniowego dnia pono\u0107 spotka\u0142 Jaroslav Legierski swoj\u0105 zmar\u0142\u0105 cioci\u0119 Zuzann\u0119 Gomolow\u0105 na skraju lasu pod Zielon\u0105. Na podstawie tej wizji doszed\u0142 do przekonania, \u017ce ciocia przysz\u0142a mu powiedzie\u0107, \u017ceby kaplica by\u0142a ponownie odbudowana w\u0142a\u015bnie w tym miejscu, jab\u0142onkowskiej cz\u0119\u015bci Lyski, na ziemi nale\u017c\u0105cej do \u00a0rodziny Hamroziowej. \u00a0<\/span><\/p>\n<p style=\"text-align: justify;\"><span style=\"font-family: georgia, palatino, serif; font-size: 14pt;\">\u00a0\u00a0\u00a0\u00a0\u00a0\u00a0\u00a0\u00a0\u00a0\u00a0\u00a0\u00a0\u00a0\u00a0\u00a0 Alois Rucki, Jaroslav Legierski, Antonin Kluz i wiele miejscowych obywatel wybudowa\u0142o kaplic\u0119 z dzwonnic\u0105. Dzwon otrzymali w darze od Ks. Pra\u0142. Miloslava Klisza z Gnojnika.<\/span><\/p>\n<p style=\"text-align: justify;\"><span style=\"font-family: georgia, palatino, serif; font-size: 14pt;\">\u00a0\u00a0\u00a0\u00a0\u00a0\u00a0\u00a0\u00a0\u00a0\u00a0\u00a0\u00a0\u00a0\u00a0\u00a0 Dnia 18.kwietnia 2001 roku kaplica \u015bw. Jana Nepomucena by\u0142a konsekrowana. W uroczystej Eucharystii bra\u0142o udzia\u0142 oko\u0142o 350 ludzi.<\/span><\/p>\n<p style=\"text-align: justify;\"><span style=\"font-family: georgia, palatino, serif; font-size: 14pt;\">W czele kaplicy jest postawiona figura \u015bw. Jana Nepomucena, ta oryginalna. We wn\u0119trzu kaplicy jest drewniany krzy\u017c z Jezusem Chrystusem od Josefa i Jaroslava Legierskich. Po zmierzchu kaplica jest o\u015bwietlona. Tak\u017ce dzisiaj \u015bw. Jan Nepomucen patrzy na swoje owieczki i dodaje im si\u0142 podczas ziemskiej pielgrzymki. Na swoim bywa\u0142ym miejscu na \u201eBiydzie\u201d widzia\u0142 \u015bw. Jan Nepomucen g\u0142\u00f3wn\u0105 drog\u0119 , prowadz\u0105c\u0105 z dworca do rynku i klasztor z ko\u015bcio\u0142em \u00a0u si\u00f3str El\u017cbietanek. Natomiast ze swojego obecnego miejsca widzi na ca\u0142y Jab\u0142onk\u00f3w i jego przepi\u0119kne okolice.<\/span><\/p>\n<p style=\"text-align: justify;\"><span style=\"font-family: georgia, palatino, serif; font-size: 14pt;\">\u00a0\u00a0\u00a0\u00a0\u00a0\u00a0\u00a0\u00a0\u00a0\u00a0\u00a0\u00a0\u00a0\u00a0\u00a0 W 2016 roku by\u0142a kaplica zremontowana. Firma Tom\u00e1\u0161kov\u00e1-Dytrychov\u00e1 s.r.o. sporz\u0105dzi\u0142a na zam\u00f3wienie br\u0105zowy dzwon, kt\u00f3ry posiada automatyczne urz\u0105dzenie dla dzwonienia. Stara wie\u017ca zosta\u0142a zlikwidowana i zosta\u0142a wybudowana nowa dzwonnica. Tak\u017ce teren przed kaplic\u0105 zosta\u0142 wyremontowany, zosta\u0142 po\u0142o\u017cony kamie\u0144, zrobiono schody i ca\u0142y wygl\u0105d kaplicy uleg\u0142 zmianie. We wn\u0119trzu kaplicy jest na razie tylko figura \u015bw. Jana Nepomucena. \u00a0\u00a0\u00a0<\/span><\/p>\n<p><span style=\"font-family: georgia,palatino,serif; font-size: 14pt;\">Lokalizace kapli\u010dky:\u00a0<a href=\"https:\/\/mapy.cz\/s\/2c3LY\">https:\/\/mapy.cz\/s\/2c3LY<\/a> <\/span><\/p>\n\n\t\t<style type=\"text\/css\">\n\t\t\t#gallery-1 {\n\t\t\t\tmargin: auto;\n\t\t\t}\n\t\t\t#gallery-1 .gallery-item {\n\t\t\t\tfloat: left;\n\t\t\t\tmargin-top: 10px;\n\t\t\t\ttext-align: center;\n\t\t\t\twidth: 16%;\n\t\t\t}\n\t\t\t#gallery-1 img {\n\t\t\t\tborder: 2px solid #cfcfcf;\n\t\t\t}\n\t\t\t#gallery-1 .gallery-caption {\n\t\t\t\tmargin-left: 0;\n\t\t\t}\n\t\t\t\/* see gallery_shortcode() in wp-includes\/media.php *\/\n\t\t<\/style>\n\t\t<div id='gallery-1' class='gallery galleryid-867 gallery-columns-6 gallery-size-thumbnail'><dl class='gallery-item'>\n\t\t\t<dt class='gallery-icon landscape'>\n\t\t\t\t<a href='https:\/\/www.farnost-jablunkov.cz\/wp-content\/uploads\/2017\/08\/DSC00986.jpg' title=\"\" data-rl_title=\"\" class=\"rl-gallery-link\" data-rl_caption=\"\" data-rel=\"lightbox-gallery-1\"><img loading=\"lazy\" decoding=\"async\" width=\"150\" height=\"150\" src=\"https:\/\/www.farnost-jablunkov.cz\/wp-content\/uploads\/2017\/08\/DSC00986-150x150.jpg\" class=\"attachment-thumbnail size-thumbnail\" alt=\"\" srcset=\"https:\/\/www.farnost-jablunkov.cz\/wp-content\/uploads\/2017\/08\/DSC00986-150x150.jpg 150w, https:\/\/www.farnost-jablunkov.cz\/wp-content\/uploads\/2017\/08\/DSC00986-300x300.jpg 300w\" sizes=\"(max-width: 150px) 100vw, 150px\" \/><\/a>\n\t\t\t<\/dt><\/dl><dl class='gallery-item'>\n\t\t\t<dt class='gallery-icon landscape'>\n\t\t\t\t<a href='https:\/\/www.farnost-jablunkov.cz\/wp-content\/uploads\/2017\/08\/DSC00987.jpg' title=\"\" data-rl_title=\"\" class=\"rl-gallery-link\" data-rl_caption=\"\" data-rel=\"lightbox-gallery-1\"><img loading=\"lazy\" decoding=\"async\" width=\"150\" height=\"150\" src=\"https:\/\/www.farnost-jablunkov.cz\/wp-content\/uploads\/2017\/08\/DSC00987-150x150.jpg\" class=\"attachment-thumbnail size-thumbnail\" alt=\"\" srcset=\"https:\/\/www.farnost-jablunkov.cz\/wp-content\/uploads\/2017\/08\/DSC00987-150x150.jpg 150w, https:\/\/www.farnost-jablunkov.cz\/wp-content\/uploads\/2017\/08\/DSC00987-300x300.jpg 300w\" sizes=\"(max-width: 150px) 100vw, 150px\" \/><\/a>\n\t\t\t<\/dt><\/dl><dl class='gallery-item'>\n\t\t\t<dt class='gallery-icon portrait'>\n\t\t\t\t<a href='https:\/\/www.farnost-jablunkov.cz\/wp-content\/uploads\/2017\/08\/DSC00990.jpg' title=\"\" data-rl_title=\"\" class=\"rl-gallery-link\" data-rl_caption=\"\" data-rel=\"lightbox-gallery-1\"><img loading=\"lazy\" decoding=\"async\" width=\"150\" height=\"150\" src=\"https:\/\/www.farnost-jablunkov.cz\/wp-content\/uploads\/2017\/08\/DSC00990-150x150.jpg\" class=\"attachment-thumbnail size-thumbnail\" alt=\"\" srcset=\"https:\/\/www.farnost-jablunkov.cz\/wp-content\/uploads\/2017\/08\/DSC00990-150x150.jpg 150w, https:\/\/www.farnost-jablunkov.cz\/wp-content\/uploads\/2017\/08\/DSC00990-300x300.jpg 300w\" sizes=\"(max-width: 150px) 100vw, 150px\" \/><\/a>\n\t\t\t<\/dt><\/dl><dl class='gallery-item'>\n\t\t\t<dt class='gallery-icon portrait'>\n\t\t\t\t<a href='https:\/\/www.farnost-jablunkov.cz\/wp-content\/uploads\/2017\/08\/DSC00993.jpg' title=\"\" data-rl_title=\"\" class=\"rl-gallery-link\" data-rl_caption=\"\" data-rel=\"lightbox-gallery-1\"><img loading=\"lazy\" decoding=\"async\" width=\"150\" height=\"150\" src=\"https:\/\/www.farnost-jablunkov.cz\/wp-content\/uploads\/2017\/08\/DSC00993-150x150.jpg\" class=\"attachment-thumbnail size-thumbnail\" alt=\"\" srcset=\"https:\/\/www.farnost-jablunkov.cz\/wp-content\/uploads\/2017\/08\/DSC00993-150x150.jpg 150w, https:\/\/www.farnost-jablunkov.cz\/wp-content\/uploads\/2017\/08\/DSC00993-300x300.jpg 300w\" sizes=\"(max-width: 150px) 100vw, 150px\" \/><\/a>\n\t\t\t<\/dt><\/dl><dl class='gallery-item'>\n\t\t\t<dt class='gallery-icon landscape'>\n\t\t\t\t<a href='https:\/\/www.farnost-jablunkov.cz\/wp-content\/uploads\/2017\/08\/DSC00995.jpg' title=\"\" data-rl_title=\"\" class=\"rl-gallery-link\" data-rl_caption=\"\" data-rel=\"lightbox-gallery-1\"><img loading=\"lazy\" decoding=\"async\" width=\"150\" height=\"150\" src=\"https:\/\/www.farnost-jablunkov.cz\/wp-content\/uploads\/2017\/08\/DSC00995-150x150.jpg\" class=\"attachment-thumbnail size-thumbnail\" alt=\"\" srcset=\"https:\/\/www.farnost-jablunkov.cz\/wp-content\/uploads\/2017\/08\/DSC00995-150x150.jpg 150w, https:\/\/www.farnost-jablunkov.cz\/wp-content\/uploads\/2017\/08\/DSC00995-300x300.jpg 300w\" sizes=\"(max-width: 150px) 100vw, 150px\" \/><\/a>\n\t\t\t<\/dt><\/dl><dl class='gallery-item'>\n\t\t\t<dt class='gallery-icon landscape'>\n\t\t\t\t<a href='https:\/\/www.farnost-jablunkov.cz\/wp-content\/uploads\/2017\/08\/DSC00989.jpg' title=\"\" data-rl_title=\"\" class=\"rl-gallery-link\" data-rl_caption=\"\" data-rel=\"lightbox-gallery-1\"><img loading=\"lazy\" decoding=\"async\" width=\"150\" height=\"150\" src=\"https:\/\/www.farnost-jablunkov.cz\/wp-content\/uploads\/2017\/08\/DSC00989-150x150.jpg\" class=\"attachment-thumbnail size-thumbnail\" alt=\"\" srcset=\"https:\/\/www.farnost-jablunkov.cz\/wp-content\/uploads\/2017\/08\/DSC00989-150x150.jpg 150w, https:\/\/www.farnost-jablunkov.cz\/wp-content\/uploads\/2017\/08\/DSC00989-300x300.jpg 300w\" sizes=\"(max-width: 150px) 100vw, 150px\" \/><\/a>\n\t\t\t<\/dt><\/dl><br style=\"clear: both\" \/>\n\t\t<\/div>","protected":false},"excerpt":{"rendered":"<p>\u00a0 \u00a0\u00a0\u00a0\u00a0\u00a0\u00a0\u00a0\u00a0\u00a0\u00a0\u00a0\u00a0\u00a0\u00a0\u00a0 W Jab\u0142onkowie na \u201eBiydzie\u201d obok gospody od \u015aniegonia sta\u0142a kapliczka, z kt\u00f3r\u0105 wi\u0105\u017ce si\u0119 nast\u0105puj\u0105ca opowie\u015b\u0107. W dawnych czasach przechodzi\u0142y przez Jab\u0142onk\u00f3w wojska szwedzkie. Dosz\u0142o do boju, podczas kt\u00f3rego zgin\u0105\u0142 ich dow\u00f3dca. W rezultacie bitwa by\u0142a \u00a0przez Jab\u0142onkowian przegrana i w konsekwencji musieli oni zap\u0142aci\u0107 tyle z\u0142ota i srebra, ile wa\u017cy\u0142 ko\u0144 dow\u00f3dcy. [&hellip;]<\/p>\n","protected":false},"author":1,"featured_media":0,"parent":0,"menu_order":0,"comment_status":"closed","ping_status":"closed","template":"","meta":{"_exactmetrics_skip_tracking":false,"_exactmetrics_sitenote_active":false,"_exactmetrics_sitenote_note":"","_exactmetrics_sitenote_category":0,"_monsterinsights_skip_tracking":false,"_monsterinsights_sitenote_active":false,"_monsterinsights_sitenote_note":"","_monsterinsights_sitenote_category":0,"footnotes":""},"class_list":["post-867","page","type-page","status-publish","hentry"],"aioseo_notices":[],"_links":{"self":[{"href":"https:\/\/www.farnost-jablunkov.cz\/pl\/wp-json\/wp\/v2\/pages\/867"}],"collection":[{"href":"https:\/\/www.farnost-jablunkov.cz\/pl\/wp-json\/wp\/v2\/pages"}],"about":[{"href":"https:\/\/www.farnost-jablunkov.cz\/pl\/wp-json\/wp\/v2\/types\/page"}],"author":[{"embeddable":true,"href":"https:\/\/www.farnost-jablunkov.cz\/pl\/wp-json\/wp\/v2\/users\/1"}],"replies":[{"embeddable":true,"href":"https:\/\/www.farnost-jablunkov.cz\/pl\/wp-json\/wp\/v2\/comments?post=867"}],"version-history":[{"count":7,"href":"https:\/\/www.farnost-jablunkov.cz\/pl\/wp-json\/wp\/v2\/pages\/867\/revisions"}],"predecessor-version":[{"id":2661,"href":"https:\/\/www.farnost-jablunkov.cz\/pl\/wp-json\/wp\/v2\/pages\/867\/revisions\/2661"}],"wp:attachment":[{"href":"https:\/\/www.farnost-jablunkov.cz\/pl\/wp-json\/wp\/v2\/media?parent=867"}],"curies":[{"name":"wp","href":"https:\/\/api.w.org\/{rel}","templated":true}]}}