{"id":864,"date":"2017-08-29T18:44:48","date_gmt":"2017-08-29T16:44:48","guid":{"rendered":"http:\/\/agathonet.com\/cs\/?page_id=864"},"modified":"2017-09-19T12:06:47","modified_gmt":"2017-09-19T10:06:47","slug":"kaplicka-na-bele","status":"publish","type":"page","link":"https:\/\/www.farnost-jablunkov.cz\/pl\/kaplicka-na-bele","title":{"rendered":"Na Bia\u0142ej"},"content":{"rendered":"<p style=\"text-align: justify;\"><span style=\"font-family: georgia,palatino,serif; font-size: 14pt;\"><img loading=\"lazy\" decoding=\"async\" class=\"alignright wp-image-865 size-medium\" src=\"www.farnost-jablunkov.cz\/wp-content\/uploads\/2017\/08\/DSC00793-225x300.jpg\" alt=\"\" width=\"225\" height=\"300\" srcset=\"https:\/\/www.farnost-jablunkov.cz\/wp-content\/uploads\/2017\/08\/DSC00793-225x300.jpg 225w, https:\/\/www.farnost-jablunkov.cz\/wp-content\/uploads\/2017\/08\/DSC00793.jpg 768w\" sizes=\"(max-width: 225px) 100vw, 225px\" \/><\/span><span style=\"font-family: georgia, palatino, serif; font-size: 14pt; line-height: inherit;\"><\/span><\/p>\n<p style=\"text-align: justify;\"><span style=\"font-family: georgia, palatino, serif; font-size: 14pt;\">\u00a0 \u00a0 \u00a0 \u00a0 \u00a0 \u00a0Wed\u0142ug miejscowej opowie\u015bci, cieszy\u0144ska ksi\u0119\u017cna El\u017cbieta Lukrecja ufundowa\u0142a na Bia\u0142ej kapliczk\u0119, jako wyraz wdzi\u0119czno\u015bci za odnalezienie dzieci, kt\u00f3re zgubi\u0142y si\u0119 w okolicznych lasech. Kaplica jest na li\u015bcie chronionych zabytk\u00f3w miasta.<\/span><\/p>\n<p style=\"text-align: justify;\"><span style=\"font-family: georgia, palatino, serif; font-size: 14pt;\">\u00a0\u00a0\u00a0\u00a0\u00a0\u00a0\u00a0\u00a0\u00a0\u00a0\u00a0 Tak\u017ce tak kaplica nie obesz\u0142a si\u0119 bez rabowania. Znik\u0142a drewniana statua Panny Maryi i Pana Jezusa. W 1985 roku z\u00a0inicjatywy rodziny Kulikowej zosta\u0142a otynkowana. W 1999 roku przez rodzin\u0119 Kozerow\u0105 zosta\u0142 przeprowadzony remont generalny kaplicy. Dach zosta\u0142 pokryty dach\u00f3wk\u0105 z\u00a0palonej gliny, zosta\u0142o odnowione wewn\u0119trzne i zewn\u0119trzne otynkowanie. Na wewn\u0119trznej \u015bcianie jest namalowane narodzenie Jezusach Chrystusa w szopce na sianie, gdzie jest obecna \u015awi\u0119ta Rodzina. Kaplica jest o\u015bwietlana przez ca\u0142y dzie\u0144.<\/span><\/p>\n<p>&nbsp;<\/p>\n<p><span style=\"font-size: 14pt;\"><strong><span style=\"font-family: georgia,palatino,serif; color: #800000;\">FOTOGALERIE<\/span><\/strong><\/span><\/p>\n\n\t\t<style type=\"text\/css\">\n\t\t\t#gallery-1 {\n\t\t\t\tmargin: auto;\n\t\t\t}\n\t\t\t#gallery-1 .gallery-item {\n\t\t\t\tfloat: left;\n\t\t\t\tmargin-top: 10px;\n\t\t\t\ttext-align: center;\n\t\t\t\twidth: 50%;\n\t\t\t}\n\t\t\t#gallery-1 img {\n\t\t\t\tborder: 2px solid #cfcfcf;\n\t\t\t}\n\t\t\t#gallery-1 .gallery-caption {\n\t\t\t\tmargin-left: 0;\n\t\t\t}\n\t\t\t\/* see gallery_shortcode() in wp-includes\/media.php *\/\n\t\t<\/style>\n\t\t<div id='gallery-1' class='gallery galleryid-864 gallery-columns-2 gallery-size-thumbnail'><dl class='gallery-item'>\n\t\t\t<dt class='gallery-icon landscape'>\n\t\t\t\t<a href='https:\/\/www.farnost-jablunkov.cz\/wp-content\/uploads\/2017\/08\/DSC00796.jpg' title=\"\" data-rl_title=\"\" class=\"rl-gallery-link\" data-rl_caption=\"\" data-rel=\"lightbox-gallery-1\"><img loading=\"lazy\" decoding=\"async\" width=\"150\" height=\"150\" src=\"https:\/\/www.farnost-jablunkov.cz\/wp-content\/uploads\/2017\/08\/DSC00796-150x150.jpg\" class=\"attachment-thumbnail size-thumbnail\" alt=\"\" srcset=\"https:\/\/www.farnost-jablunkov.cz\/wp-content\/uploads\/2017\/08\/DSC00796-150x150.jpg 150w, https:\/\/www.farnost-jablunkov.cz\/wp-content\/uploads\/2017\/08\/DSC00796-300x300.jpg 300w\" sizes=\"(max-width: 150px) 100vw, 150px\" \/><\/a>\n\t\t\t<\/dt><\/dl><dl class='gallery-item'>\n\t\t\t<dt class='gallery-icon landscape'>\n\t\t\t\t<a href='https:\/\/www.farnost-jablunkov.cz\/wp-content\/uploads\/2017\/08\/DSC00794.jpg' title=\"\" data-rl_title=\"\" class=\"rl-gallery-link\" data-rl_caption=\"\" data-rel=\"lightbox-gallery-1\"><img loading=\"lazy\" decoding=\"async\" width=\"150\" height=\"150\" src=\"https:\/\/www.farnost-jablunkov.cz\/wp-content\/uploads\/2017\/08\/DSC00794-150x150.jpg\" class=\"attachment-thumbnail size-thumbnail\" alt=\"\" srcset=\"https:\/\/www.farnost-jablunkov.cz\/wp-content\/uploads\/2017\/08\/DSC00794-150x150.jpg 150w, https:\/\/www.farnost-jablunkov.cz\/wp-content\/uploads\/2017\/08\/DSC00794-300x300.jpg 300w\" sizes=\"(max-width: 150px) 100vw, 150px\" \/><\/a>\n\t\t\t<\/dt><\/dl><br style=\"clear: both\" \/>\n\t\t<\/div>\n\n<p>&nbsp;<\/p>","protected":false},"excerpt":{"rendered":"<p>\u00a0 \u00a0 \u00a0 \u00a0 \u00a0 \u00a0Wed\u0142ug miejscowej opowie\u015bci, cieszy\u0144ska ksi\u0119\u017cna El\u017cbieta Lukrecja ufundowa\u0142a na Bia\u0142ej kapliczk\u0119, jako wyraz wdzi\u0119czno\u015bci za odnalezienie dzieci, kt\u00f3re zgubi\u0142y si\u0119 w okolicznych lasech. Kaplica jest na li\u015bcie chronionych zabytk\u00f3w miasta. \u00a0\u00a0\u00a0\u00a0\u00a0\u00a0\u00a0\u00a0\u00a0\u00a0\u00a0 Tak\u017ce tak kaplica nie obesz\u0142a si\u0119 bez rabowania. Znik\u0142a drewniana statua Panny Maryi i Pana Jezusa. W 1985 roku [&hellip;]<\/p>\n","protected":false},"author":1,"featured_media":0,"parent":0,"menu_order":0,"comment_status":"closed","ping_status":"closed","template":"","meta":{"_exactmetrics_skip_tracking":false,"_exactmetrics_sitenote_active":false,"_exactmetrics_sitenote_note":"","_exactmetrics_sitenote_category":0,"_monsterinsights_skip_tracking":false,"_monsterinsights_sitenote_active":false,"_monsterinsights_sitenote_note":"","_monsterinsights_sitenote_category":0,"footnotes":""},"class_list":["post-864","page","type-page","status-publish","hentry"],"aioseo_notices":[],"_links":{"self":[{"href":"https:\/\/www.farnost-jablunkov.cz\/pl\/wp-json\/wp\/v2\/pages\/864"}],"collection":[{"href":"https:\/\/www.farnost-jablunkov.cz\/pl\/wp-json\/wp\/v2\/pages"}],"about":[{"href":"https:\/\/www.farnost-jablunkov.cz\/pl\/wp-json\/wp\/v2\/types\/page"}],"author":[{"embeddable":true,"href":"https:\/\/www.farnost-jablunkov.cz\/pl\/wp-json\/wp\/v2\/users\/1"}],"replies":[{"embeddable":true,"href":"https:\/\/www.farnost-jablunkov.cz\/pl\/wp-json\/wp\/v2\/comments?post=864"}],"version-history":[{"count":7,"href":"https:\/\/www.farnost-jablunkov.cz\/pl\/wp-json\/wp\/v2\/pages\/864\/revisions"}],"predecessor-version":[{"id":1373,"href":"https:\/\/www.farnost-jablunkov.cz\/pl\/wp-json\/wp\/v2\/pages\/864\/revisions\/1373"}],"wp:attachment":[{"href":"https:\/\/www.farnost-jablunkov.cz\/pl\/wp-json\/wp\/v2\/media?parent=864"}],"curies":[{"name":"wp","href":"https:\/\/api.w.org\/{rel}","templated":true}]}}