{"id":789,"date":"2017-12-31T11:15:10","date_gmt":"2017-12-31T10:15:10","guid":{"rendered":"http:\/\/agathonet.com\/cs\/?page_id=789"},"modified":"2025-07-14T16:00:01","modified_gmt":"2025-07-14T14:00:01","slug":"filialni-kostel-v-pisku","status":"publish","type":"page","link":"https:\/\/www.farnost-jablunkov.cz\/pl\/filialni-kostel-v-pisku","title":{"rendered":"Fili\u00e1ln\u00ed kostel v P\u00edsku"},"content":{"rendered":"<div id=\"attachment_790\" style=\"width: 396px\" class=\"wp-caption alignright\"><img loading=\"lazy\" decoding=\"async\" aria-describedby=\"caption-attachment-790\" class=\" wp-image-790\" src=\"www.farnost-jablunkov.cz\/wp-content\/uploads\/2017\/08\/DSC00860-300x225.jpg\" alt=\"\" width=\"386\" height=\"290\" srcset=\"https:\/\/www.farnost-jablunkov.cz\/wp-content\/uploads\/2017\/08\/DSC00860-300x225.jpg 300w, https:\/\/www.farnost-jablunkov.cz\/wp-content\/uploads\/2017\/08\/DSC00860-768x576.jpg 768w, https:\/\/www.farnost-jablunkov.cz\/wp-content\/uploads\/2017\/08\/DSC00860-1024x768.jpg 1024w, https:\/\/www.farnost-jablunkov.cz\/wp-content\/uploads\/2017\/08\/DSC00860.jpg 1365w\" sizes=\"(max-width: 386px) 100vw, 386px\" \/><p id=\"caption-attachment-790\" class=\"wp-caption-text\">Kostel Bo\u017e\u00edho Milosrdenstv\u00ed v P\u00edsku<\/p><\/div>\n<p><\/span><\/p>\n<p style=\"text-align: justify;\"><span style=\"font-size: 14pt; color: #800000;\"><strong><span style=\"font-family: georgia,palatino,serif;\">MSZE \u015aW.:\u00a0\u00a0<\/span><\/strong><\/span><\/p>\n<p style=\"text-align: justify;\"><span style=\"font-family: georgia,palatino,serif; font-size: 14pt; color: #000000;\"> NIEDZIELA: 09:00 \u010d\/p<\/span><\/p>\n<p><span style=\"font-family: georgia,palatino,serif; font-size: 14pt; color: #000000;\"> Wtorek: 18:00 \u010d\/p (w okresie zimowym o godz. 17.00)<\/span><\/p>\n<p><span style=\"color: #000000;\"><span style=\"font-family: georgia,palatino,serif; font-size: 14pt;\"> W okresie wielkiego postu, maju i pa\u017adzierniku dodatkowo Msze \u015bw. w pi\u0105tek o godz. 18.00 <\/span><span style=\"font-family: georgia,palatino,serif; font-size: 14pt;\">(okres zimowy o godz. 17.00)<\/span><\/span><\/p>\n<p style=\"text-align: center;\"><strong><span style=\"font-family: georgia, palatino, serif; font-size: 14pt;\">Mo\u017cliwo\u015b\u0107 sakramentu pojedniana p\u00f3\u0142 godziny przed msz\u0105 \u015bwi\u0119t\u0105<\/span><\/strong><\/p>\n<p style=\"text-align: center;\"><span style=\"font-size: 14pt; color: #800000;\"><strong><span style=\"font-family: georgia,palatino,serif;\"> KA\u017bDY MIESI\u0104C:<\/span><\/strong><\/span><\/p>\n<p style=\"text-align: justify;\"><span style=\"font-family: georgia,palatino,serif; font-size: 14pt; color: #000000;\"><strong>Pierwszy pi\u0105tek miesi\u0105ca &#8211;<\/strong> Msza \u015bw. ku czci Naj. Serca Jezusowego:<\/span><\/p>\n<ul>\n<li style=\"text-align: justify;\"><span style=\"font-family: georgia,palatino,serif; font-size: 14pt; color: #000000;\">o godz. 17.00 Adoracja NSO<\/span><\/li>\n<li style=\"text-align: justify;\"><span style=\"font-family: georgia,palatino,serif; font-size: 14pt; color: #000000;\">o godz. 18.00 Msza \u015bw. (w okresie zimowym o godz. 16.00 Adoracja NSO i Msza \u015bw. o godz. 17.00)<\/span><\/li>\n<\/ul>\n<p style=\"text-align: justify;\"><span style=\"font-family: georgia,palatino,serif; font-size: 14pt; color: #000000;\"><strong>Sobota Fatimska<\/strong> &#8211; Msza \u015bw. ku czci Niepokalanego Serca Panny Maryi:<\/span><\/p>\n<ul>\n<li style=\"text-align: justify;\"><span style=\"font-family: georgia,palatino,serif; font-size: 14pt; color: #000000;\">o godz. 6.30 Adoracja NSO<\/span><\/li>\n<li style=\"text-align: justify;\"><span style=\"font-family: georgia,palatino,serif; font-size: 14pt; color: #000000;\">o godz. 7.30 Msza \u015bw.<\/span><\/li>\n<\/ul>\n<p style=\"text-align: justify;\"><span style=\"font-family: georgia,palatino,serif; font-size: 14pt; color: #000000;\"><strong>Dzie\u0144 Mi\u0142osierdzia Bo\u017cego w Piosku &#8211; 3. pi\u0105tek w miesi\u0105cu:<\/strong> <\/span><\/p>\n<ul>\n<li style=\"text-align: justify;\"><span style=\"font-family: georgia,palatino,serif; font-size: 14pt; color: #000000;\">o godz. 17.30 Adoracja NSO &#8211; nabo\u017ce\u0144stwo do Mi\u0142osierdzia Bo\u017cego<\/span><\/li>\n<li style=\"text-align: justify;\"><span style=\"font-family: georgia,palatino,serif; font-size: 14pt; color: #000000;\">o godz. 18.00 Msza \u015bw. (w okresie zimowym o 16.30 Adoracja NSO, o godz. 17.00 Msza \u015bw.)<\/span><\/li>\n<\/ul>\n<p style=\"text-align: center;\"><span style=\"font-size: 14pt; font-family: georgia,palatino,serif;\"><strong><span style=\"color: #800000;\">W CI\u0104GU ROKU<\/span> <\/strong><\/span><\/p>\n<ul>\n<li><span style=\"font-family: georgia,palatino,serif; font-size: 14pt; color: #000000;\">Okres Wielkiego Postu &#8211; Droga Krzy\u017cowa w pi\u0105tek o godz. 16.30, niedziel\u0119 o godz. 8.30 <\/span><\/li>\n<li><span style=\"font-family: georgia,palatino,serif; font-size: 14pt; color: #000000;\">Maj &#8211; Nabo\u017ce\u0144stwa Majowe &#8211; 30 min. przed Msz\u0105 \u015bw.<\/span><\/li>\n<li><span style=\"font-family: georgia,palatino,serif; font-size: 14pt; color: #000000;\">Pa\u017adziernik &#8211; nabo\u017ce\u0144stwo R\u00f3\u017ca\u0144cowe &#8211; 30 min. przed msz\u0105 \u015bw.<\/span><\/li>\n<\/ul>\n<p><span style=\"font-family: georgia,palatino,serif; font-size: 14pt; color: #993300;\"><strong>UROCZYSTO\u015a\u0106 ODPUSTOWA KU CZCI BO\u017bEGO MI\u0141OSIEDRZIA &#8211; w pierwsz\u0105 niedziel\u0119 po Wielkanocy\u00a0<\/strong><\/span><\/p>\n<p>&nbsp;<\/p>\n<p style=\"text-align: center;\"><span style=\"font-size: 14pt; color: #800000;\"><strong><span style=\"font-family: georgia,palatino,serif;\">HISTORIA<\/span><\/strong><\/span><\/p>\n<p style=\"text-align: justify;\"><span style=\"font-family: georgia,palatino,serif; font-size: 14pt;\">W roku 1993 ks. arcybiskup mons. Jan Graubner wyrazi\u0142 zgod\u0119 na wybudowanie kaplicy w Piosku. Na miejsce budowy zosta\u0142a zakupiona parcela wraz z budynkiem, kt\u00f3ry s\u0142u\u017cy\u0142 my\u015bliwym. Budowa trwa\u0142a 2 lata. 21. 5. 1995 zosta\u0142 po\u015bwi\u0119cony w O\u0142omu\u0144cu przez papie\u017ca Jana Paw\u0142a II kamie\u0144 w\u0119gielny, kt\u00f3ry zosta\u0142 wmurowany do \u015bciany kaplicy. Kaplica by\u0142a uroczy\u015bcie po\u015bwi\u0119cona 24. 9. 1995 roku przez ks. arcybiskupa Jana Graubnera. Jest to prosta budowa, ze zakrysti\u0105 oraz salkami dla parafian. Ca\u0142a budowa jest murowana, ale wie\u017ca postawiona jest z betonu. W wie\u017cy zosta\u0142 zamontoany jeden dzwon. Kaplica sta\u0142a si\u0119 filialnym ko\u015bcio\u0142em parafii jab\u0142onkowskiej.<\/span><\/p>\n<p style=\"text-align: justify;\"><span style=\"font-family: georgia,palatino,serif; font-size: 14pt;\">Wspomniana powy\u017cej salka dla parafian by\u0142a w roku 2010 wyposa\u017cona nowymi krzes\u0142ami i sto\u0142ami, kt\u00f3re slu\u017c\u0105 dla spotka\u0144 miejscowych wierz\u0105cych.<\/span><\/p>\n<p style=\"text-align: justify;\"><span style=\"font-family: georgia,palatino,serif; font-size: 14pt;\">W 2015 r. Nasza parafia otrzyma\u0142a w darze drewno lipowe, kt\u00f3re zosta\u0142o przeznaczone dla nowych rze\u017ab. Cie\u015bla z Istebnej wyrze\u017abij pos\u0105g \u015bw. siostry Faustyny Kowalkiej i \u015bw. Jana Paw\u0142a II., kt\u00f3rzy s\u0105 bezwarunkowo zwi\u0105zani z Bo\u017cym Mi\u0142osierdziem. Rze\u00f3by znajduj\u0105 si\u0119 na \u015bcianach bocznych przy o\u0142tarzu. W tym samym roku miejscowi stra\u017cacy ofiarowali ko\u015bci\u00f3\u0142owi pos\u0105g \u015bw. Florian, patronka stra\u017cy po\u017carnej a my\u015bliwi \u015bw. Huberta &#8211; swego patrona.<\/span><\/p>\n<p><a href=\"http:\/\/www.farnost-jablunkov.cz\/wp-content\/uploads\/2024\/02\/Kostel_Pisek_clanek-rotated.jpg\" target=\"_blank\" data-rel=\"lightbox-gallery-1\" data-rl_title=\"\" data-rl_caption=\"\" title=\"\"><img loading=\"lazy\" decoding=\"async\" class=\"aligncenter wp-image-12366 size-full\" src=\"http:\/\/www.farnost-jablunkov.cz\/wp-content\/uploads\/2024\/02\/Kostel_Pisek_clanek-rotated.jpg\" alt=\"\" width=\"1170\" height=\"850\" srcset=\"https:\/\/www.farnost-jablunkov.cz\/wp-content\/uploads\/2024\/02\/Kostel_Pisek_clanek-rotated.jpg 1170w, https:\/\/www.farnost-jablunkov.cz\/wp-content\/uploads\/2024\/02\/Kostel_Pisek_clanek-500x363.jpg 500w, https:\/\/www.farnost-jablunkov.cz\/wp-content\/uploads\/2024\/02\/Kostel_Pisek_clanek-1024x744.jpg 1024w, https:\/\/www.farnost-jablunkov.cz\/wp-content\/uploads\/2024\/02\/Kostel_Pisek_clanek-768x558.jpg 768w\" sizes=\"(max-width: 1170px) 100vw, 1170px\" \/><\/a><\/p>\n<p style=\"text-align: justify;\"><span style=\"font-family: georgia,palatino,serif; font-size: 14pt;\"><\/span><\/p>\n<p>&nbsp;<\/p>\n<p style=\"text-align: center;\"><span style=\"color: #800000; font-family: georgia,palatino,serif; font-size: 14pt;\"><strong>FOTOGALERIE<\/strong><\/span><\/p>\n\n\t\t<style type=\"text\/css\">\n\t\t\t#gallery-1 {\n\t\t\t\tmargin: auto;\n\t\t\t}\n\t\t\t#gallery-1 .gallery-item {\n\t\t\t\tfloat: left;\n\t\t\t\tmargin-top: 10px;\n\t\t\t\ttext-align: center;\n\t\t\t\twidth: 20%;\n\t\t\t}\n\t\t\t#gallery-1 img {\n\t\t\t\tborder: 2px solid #cfcfcf;\n\t\t\t}\n\t\t\t#gallery-1 .gallery-caption {\n\t\t\t\tmargin-left: 0;\n\t\t\t}\n\t\t\t\/* see gallery_shortcode() in wp-includes\/media.php *\/\n\t\t<\/style>\n\t\t<div id='gallery-1' class='gallery galleryid-789 gallery-columns-5 gallery-size-thumbnail'><dl class='gallery-item'>\n\t\t\t<dt class='gallery-icon landscape'>\n\t\t\t\t<a href='https:\/\/www.farnost-jablunkov.cz\/wp-content\/uploads\/2017\/08\/DSC00860-1.jpg' title=\"\" data-rl_title=\"\" class=\"rl-gallery-link\" data-rl_caption=\"\" data-rel=\"lightbox-gallery-1\"><img loading=\"lazy\" decoding=\"async\" width=\"150\" height=\"150\" src=\"https:\/\/www.farnost-jablunkov.cz\/wp-content\/uploads\/2017\/08\/DSC00860-1-150x150.jpg\" class=\"attachment-thumbnail size-thumbnail\" alt=\"\" srcset=\"https:\/\/www.farnost-jablunkov.cz\/wp-content\/uploads\/2017\/08\/DSC00860-1-150x150.jpg 150w, https:\/\/www.farnost-jablunkov.cz\/wp-content\/uploads\/2017\/08\/DSC00860-1-300x300.jpg 300w\" sizes=\"(max-width: 150px) 100vw, 150px\" \/><\/a>\n\t\t\t<\/dt><\/dl><dl class='gallery-item'>\n\t\t\t<dt class='gallery-icon portrait'>\n\t\t\t\t<a href='https:\/\/www.farnost-jablunkov.cz\/wp-content\/uploads\/2017\/08\/DSC00883.jpg' title=\"\" data-rl_title=\"\" class=\"rl-gallery-link\" data-rl_caption=\"\" data-rel=\"lightbox-gallery-1\"><img loading=\"lazy\" decoding=\"async\" width=\"150\" height=\"150\" src=\"https:\/\/www.farnost-jablunkov.cz\/wp-content\/uploads\/2017\/08\/DSC00883-150x150.jpg\" class=\"attachment-thumbnail size-thumbnail\" alt=\"\" srcset=\"https:\/\/www.farnost-jablunkov.cz\/wp-content\/uploads\/2017\/08\/DSC00883-150x150.jpg 150w, https:\/\/www.farnost-jablunkov.cz\/wp-content\/uploads\/2017\/08\/DSC00883-300x300.jpg 300w\" sizes=\"(max-width: 150px) 100vw, 150px\" \/><\/a>\n\t\t\t<\/dt><\/dl><dl class='gallery-item'>\n\t\t\t<dt class='gallery-icon portrait'>\n\t\t\t\t<a href='https:\/\/www.farnost-jablunkov.cz\/wp-content\/uploads\/2017\/08\/DSC00861.jpg' title=\"\" data-rl_title=\"\" class=\"rl-gallery-link\" data-rl_caption=\"\" data-rel=\"lightbox-gallery-1\"><img loading=\"lazy\" decoding=\"async\" width=\"150\" height=\"150\" src=\"https:\/\/www.farnost-jablunkov.cz\/wp-content\/uploads\/2017\/08\/DSC00861-150x150.jpg\" class=\"attachment-thumbnail size-thumbnail\" alt=\"\" srcset=\"https:\/\/www.farnost-jablunkov.cz\/wp-content\/uploads\/2017\/08\/DSC00861-150x150.jpg 150w, https:\/\/www.farnost-jablunkov.cz\/wp-content\/uploads\/2017\/08\/DSC00861-300x300.jpg 300w\" sizes=\"(max-width: 150px) 100vw, 150px\" \/><\/a>\n\t\t\t<\/dt><\/dl><dl class='gallery-item'>\n\t\t\t<dt class='gallery-icon landscape'>\n\t\t\t\t<a href='https:\/\/www.farnost-jablunkov.cz\/wp-content\/uploads\/2017\/08\/DSC00865.jpg' title=\"\" data-rl_title=\"\" class=\"rl-gallery-link\" data-rl_caption=\"\" data-rel=\"lightbox-gallery-1\"><img loading=\"lazy\" decoding=\"async\" width=\"150\" height=\"150\" src=\"https:\/\/www.farnost-jablunkov.cz\/wp-content\/uploads\/2017\/08\/DSC00865-150x150.jpg\" class=\"attachment-thumbnail size-thumbnail\" alt=\"\" srcset=\"https:\/\/www.farnost-jablunkov.cz\/wp-content\/uploads\/2017\/08\/DSC00865-150x150.jpg 150w, https:\/\/www.farnost-jablunkov.cz\/wp-content\/uploads\/2017\/08\/DSC00865-300x300.jpg 300w\" sizes=\"(max-width: 150px) 100vw, 150px\" \/><\/a>\n\t\t\t<\/dt><\/dl><dl class='gallery-item'>\n\t\t\t<dt class='gallery-icon landscape'>\n\t\t\t\t<a href='https:\/\/www.farnost-jablunkov.cz\/wp-content\/uploads\/2017\/08\/DSC00866.jpg' title=\"\" data-rl_title=\"\" class=\"rl-gallery-link\" data-rl_caption=\"\" data-rel=\"lightbox-gallery-1\"><img loading=\"lazy\" decoding=\"async\" width=\"150\" height=\"150\" src=\"https:\/\/www.farnost-jablunkov.cz\/wp-content\/uploads\/2017\/08\/DSC00866-150x150.jpg\" class=\"attachment-thumbnail size-thumbnail\" alt=\"\" srcset=\"https:\/\/www.farnost-jablunkov.cz\/wp-content\/uploads\/2017\/08\/DSC00866-150x150.jpg 150w, https:\/\/www.farnost-jablunkov.cz\/wp-content\/uploads\/2017\/08\/DSC00866-300x300.jpg 300w\" sizes=\"(max-width: 150px) 100vw, 150px\" \/><\/a>\n\t\t\t<\/dt><\/dl><br style=\"clear: both\" \/><dl class='gallery-item'>\n\t\t\t<dt class='gallery-icon landscape'>\n\t\t\t\t<a href='https:\/\/www.farnost-jablunkov.cz\/wp-content\/uploads\/2017\/08\/DSC00870.jpg' title=\"\" data-rl_title=\"\" class=\"rl-gallery-link\" data-rl_caption=\"\" data-rel=\"lightbox-gallery-1\"><img loading=\"lazy\" decoding=\"async\" width=\"150\" height=\"150\" src=\"https:\/\/www.farnost-jablunkov.cz\/wp-content\/uploads\/2017\/08\/DSC00870-150x150.jpg\" class=\"attachment-thumbnail size-thumbnail\" alt=\"\" srcset=\"https:\/\/www.farnost-jablunkov.cz\/wp-content\/uploads\/2017\/08\/DSC00870-150x150.jpg 150w, https:\/\/www.farnost-jablunkov.cz\/wp-content\/uploads\/2017\/08\/DSC00870-300x300.jpg 300w\" sizes=\"(max-width: 150px) 100vw, 150px\" \/><\/a>\n\t\t\t<\/dt><\/dl><dl class='gallery-item'>\n\t\t\t<dt class='gallery-icon portrait'>\n\t\t\t\t<a href='https:\/\/www.farnost-jablunkov.cz\/wp-content\/uploads\/2017\/08\/DSC00875.jpg' title=\"\" data-rl_title=\"\" class=\"rl-gallery-link\" data-rl_caption=\"\" data-rel=\"lightbox-gallery-1\"><img loading=\"lazy\" decoding=\"async\" width=\"150\" height=\"150\" src=\"https:\/\/www.farnost-jablunkov.cz\/wp-content\/uploads\/2017\/08\/DSC00875-150x150.jpg\" class=\"attachment-thumbnail size-thumbnail\" alt=\"\" srcset=\"https:\/\/www.farnost-jablunkov.cz\/wp-content\/uploads\/2017\/08\/DSC00875-150x150.jpg 150w, https:\/\/www.farnost-jablunkov.cz\/wp-content\/uploads\/2017\/08\/DSC00875-300x300.jpg 300w\" sizes=\"(max-width: 150px) 100vw, 150px\" \/><\/a>\n\t\t\t<\/dt><\/dl><dl class='gallery-item'>\n\t\t\t<dt class='gallery-icon landscape'>\n\t\t\t\t<a href='https:\/\/www.farnost-jablunkov.cz\/wp-content\/uploads\/2017\/08\/DSC00877.jpg' title=\"\" data-rl_title=\"\" class=\"rl-gallery-link\" data-rl_caption=\"\" data-rel=\"lightbox-gallery-1\"><img loading=\"lazy\" decoding=\"async\" width=\"150\" height=\"150\" src=\"https:\/\/www.farnost-jablunkov.cz\/wp-content\/uploads\/2017\/08\/DSC00877-150x150.jpg\" class=\"attachment-thumbnail size-thumbnail\" alt=\"\" srcset=\"https:\/\/www.farnost-jablunkov.cz\/wp-content\/uploads\/2017\/08\/DSC00877-150x150.jpg 150w, https:\/\/www.farnost-jablunkov.cz\/wp-content\/uploads\/2017\/08\/DSC00877-300x300.jpg 300w\" sizes=\"(max-width: 150px) 100vw, 150px\" \/><\/a>\n\t\t\t<\/dt><\/dl><dl class='gallery-item'>\n\t\t\t<dt class='gallery-icon portrait'>\n\t\t\t\t<a href='https:\/\/www.farnost-jablunkov.cz\/wp-content\/uploads\/2017\/08\/DSC00878.jpg' title=\"\" data-rl_title=\"\" class=\"rl-gallery-link\" data-rl_caption=\"\" data-rel=\"lightbox-gallery-1\"><img loading=\"lazy\" decoding=\"async\" width=\"150\" height=\"150\" src=\"https:\/\/www.farnost-jablunkov.cz\/wp-content\/uploads\/2017\/08\/DSC00878-150x150.jpg\" class=\"attachment-thumbnail size-thumbnail\" alt=\"\" srcset=\"https:\/\/www.farnost-jablunkov.cz\/wp-content\/uploads\/2017\/08\/DSC00878-150x150.jpg 150w, https:\/\/www.farnost-jablunkov.cz\/wp-content\/uploads\/2017\/08\/DSC00878-300x300.jpg 300w\" sizes=\"(max-width: 150px) 100vw, 150px\" \/><\/a>\n\t\t\t<\/dt><\/dl><dl class='gallery-item'>\n\t\t\t<dt class='gallery-icon landscape'>\n\t\t\t\t<a href='https:\/\/www.farnost-jablunkov.cz\/wp-content\/uploads\/2017\/08\/DSC00880.jpg' title=\"\" data-rl_title=\"\" class=\"rl-gallery-link\" data-rl_caption=\"\" data-rel=\"lightbox-gallery-1\"><img loading=\"lazy\" decoding=\"async\" width=\"150\" height=\"150\" src=\"https:\/\/www.farnost-jablunkov.cz\/wp-content\/uploads\/2017\/08\/DSC00880-150x150.jpg\" class=\"attachment-thumbnail size-thumbnail\" alt=\"\" srcset=\"https:\/\/www.farnost-jablunkov.cz\/wp-content\/uploads\/2017\/08\/DSC00880-150x150.jpg 150w, https:\/\/www.farnost-jablunkov.cz\/wp-content\/uploads\/2017\/08\/DSC00880-300x300.jpg 300w\" sizes=\"(max-width: 150px) 100vw, 150px\" \/><\/a>\n\t\t\t<\/dt><\/dl><br style=\"clear: both\" \/><dl class='gallery-item'>\n\t\t\t<dt class='gallery-icon landscape'>\n\t\t\t\t<a href='https:\/\/www.farnost-jablunkov.cz\/wp-content\/uploads\/2017\/08\/DSC00882.jpg' title=\"\" data-rl_title=\"\" class=\"rl-gallery-link\" data-rl_caption=\"\" data-rel=\"lightbox-gallery-1\"><img loading=\"lazy\" decoding=\"async\" width=\"150\" height=\"150\" src=\"https:\/\/www.farnost-jablunkov.cz\/wp-content\/uploads\/2017\/08\/DSC00882-150x150.jpg\" class=\"attachment-thumbnail size-thumbnail\" alt=\"\" srcset=\"https:\/\/www.farnost-jablunkov.cz\/wp-content\/uploads\/2017\/08\/DSC00882-150x150.jpg 150w, https:\/\/www.farnost-jablunkov.cz\/wp-content\/uploads\/2017\/08\/DSC00882-300x300.jpg 300w\" sizes=\"(max-width: 150px) 100vw, 150px\" \/><\/a>\n\t\t\t<\/dt><\/dl>\n\t\t\t<br style='clear: both' \/>\n\t\t<\/div>","protected":false},"excerpt":{"rendered":"<p>MSZE \u015aW.:\u00a0\u00a0 NIEDZIELA: 09:00 \u010d\/p Wtorek: 18:00 \u010d\/p (w okresie zimowym o godz. 17.00) W okresie wielkiego postu, maju i pa\u017adzierniku dodatkowo Msze \u015bw. w pi\u0105tek o godz. 18.00 (okres zimowy o godz. 17.00) Mo\u017cliwo\u015b\u0107 sakramentu pojedniana p\u00f3\u0142 godziny przed msz\u0105 \u015bwi\u0119t\u0105 KA\u017bDY MIESI\u0104C: Pierwszy pi\u0105tek miesi\u0105ca &#8211; Msza \u015bw. ku czci Naj. Serca Jezusowego: [&hellip;]<\/p>\n","protected":false},"author":1,"featured_media":790,"parent":0,"menu_order":0,"comment_status":"closed","ping_status":"closed","template":"","meta":{"_exactmetrics_skip_tracking":false,"_exactmetrics_sitenote_active":false,"_exactmetrics_sitenote_note":"","_exactmetrics_sitenote_category":0,"_monsterinsights_skip_tracking":false,"_monsterinsights_sitenote_active":false,"_monsterinsights_sitenote_note":"","_monsterinsights_sitenote_category":0,"footnotes":""},"class_list":["post-789","page","type-page","status-publish","has-post-thumbnail","hentry"],"aioseo_notices":[],"_links":{"self":[{"href":"https:\/\/www.farnost-jablunkov.cz\/pl\/wp-json\/wp\/v2\/pages\/789"}],"collection":[{"href":"https:\/\/www.farnost-jablunkov.cz\/pl\/wp-json\/wp\/v2\/pages"}],"about":[{"href":"https:\/\/www.farnost-jablunkov.cz\/pl\/wp-json\/wp\/v2\/types\/page"}],"author":[{"embeddable":true,"href":"https:\/\/www.farnost-jablunkov.cz\/pl\/wp-json\/wp\/v2\/users\/1"}],"replies":[{"embeddable":true,"href":"https:\/\/www.farnost-jablunkov.cz\/pl\/wp-json\/wp\/v2\/comments?post=789"}],"version-history":[{"count":22,"href":"https:\/\/www.farnost-jablunkov.cz\/pl\/wp-json\/wp\/v2\/pages\/789\/revisions"}],"predecessor-version":[{"id":12376,"href":"https:\/\/www.farnost-jablunkov.cz\/pl\/wp-json\/wp\/v2\/pages\/789\/revisions\/12376"}],"wp:featuredmedia":[{"embeddable":true,"href":"https:\/\/www.farnost-jablunkov.cz\/pl\/wp-json\/wp\/v2\/media\/790"}],"wp:attachment":[{"href":"https:\/\/www.farnost-jablunkov.cz\/pl\/wp-json\/wp\/v2\/media?parent=789"}],"curies":[{"name":"wp","href":"https:\/\/api.w.org\/{rel}","templated":true}]}}