{"id":6653,"date":"2022-03-29T16:11:23","date_gmt":"2022-03-29T14:11:23","guid":{"rendered":"http:\/\/www.farnost-jablunkov.cz\/?page_id=6653"},"modified":"2025-12-13T21:06:09","modified_gmt":"2025-12-13T20:06:09","slug":"spolecenstvi","status":"publish","type":"page","link":"https:\/\/www.farnost-jablunkov.cz\/pl\/spolecenstvi","title":{"rendered":"SPOLE\u010cENTSV\u00cd"},"content":{"rendered":"<p style=\"text-align: justify;\"><span style=\"font-family: georgia, palatino, serif; font-size: 14pt;\"><\/p>\n<p><span style=\"font-family: georgia, palatino, serif; font-size: 14pt;\">Prezentujemy: \u00a0\u00a0\u00a0\u00a0\u00a0\u00a0\u00a0\u00a0\u00a0\u00a0\u00a0\u00a0\u00a0\u00a0\u00a0\u00a0 <strong>MA\u0141A WSP\u00d3LNOTA \u201eSPOL\u010cO\u201d<\/strong><\/span><\/p>\n<p><span style=\"font-family: georgia, palatino, serif; font-size: 14pt;\"><strong>Czym si\u0119 zajmujemy: \u00a0\u00a0<\/strong><br \/>\nJeste\u015bmy grup\u0105 m\u0142odzie\u017cy (drugi stopie\u0144 szko\u0142y podstawowej), kt\u00f3ra spotyka si\u0119, \u017ceby lepiej poznawa\u0107 samych siebie, innych, a przede wszystkim Boga. Na regularnych \u015brodowych spotkaniach wsp\u00f3lnie si\u0119 modlimy, s\u0142uchamy kr\u00f3tkiego tematu spotkania, ale te\u017c gramy gry lub wychodzimy na wsp\u00f3lne spacery. Opr\u00f3cz tego czasami wyruszamy na wsp\u00f3ln\u0105 piesz\u0105 wycieczk\u0119, pieczemy kie\u0142baski nad ogniskiem, przenocujemy w g\u00f3rach\u2026 po prostu mi\u0142o wykorzystamy wsp\u00f3lnie sp\u0119dzany czas.<\/span><\/p>\n<p><span style=\"font-family: georgia, palatino, serif; font-size: 14pt;\"><strong>Kiedy si\u0119 spotykamy:<\/strong><br \/>\nW ka\u017cd\u0105 \u015brod\u0119 od godz. 19:00 w gara\u017cu na farze<\/span><\/p>\n<p><span style=\"font-family: georgia, palatino, serif; font-size: 14pt;\"><strong>Inne przes\u0142anie:<\/strong><br \/>\n<em>Nie wahaj si\u0119 przyj\u015b\u0107 na spotkanie, nie b\u0119dziesz \u017ca\u0142owa\u0107.<\/em><\/span><\/p>\n<p><span style=\"font-family: georgia, palatino, serif; font-size: 14pt;\">Osoba kontaktowa:<br \/>\nNatalia Sikora<br \/>\n<\/span><span style=\"font-family: georgia, palatino, serif; font-size: 14pt;\">tel.: 736 209\u00a0122<br \/>\n<\/span><span style=\"font-family: georgia, palatino, serif; font-size: 14pt;\">mail: <span style=\"color: #008000;\">natalkasikora@seznam.cz<\/span><\/span><\/p>\n<p>&nbsp;<\/p>\n<p>&nbsp;<\/p>\n<p><span style=\"font-family: georgia, palatino, serif; font-size: 14pt;\">Prezentujemy:\u00a0\u00a0\u00a0\u00a0\u00a0\u00a0\u00a0\u00a0\u00a0\u00a0\u00a0\u00a0\u00a0\u00a0\u00a0\u00a0\u00a0 <strong><em>WSP\u00d3LNOTA M\u0141ODZIE\u017bY \u201eGroupK\u201d<\/em><\/strong><\/span><\/p>\n<p><span style=\"font-family: georgia, palatino, serif; font-size: 14pt;\"><strong>Czym si\u0119 zajmujemy:<\/strong><br \/>\nJeste\u015bmy m\u0142odymi lud\u017ami (od 15 lat wzwy\u017c), kt\u00f3rzy pragn\u0105 znale\u017a\u0107 lub pog\u0142\u0119bi\u0107 relacj\u0119 z Jezusem. Jeste\u015bmy przekonani o tym, \u017ce m\u0142ody cz\u0142owiek wzrasta w wierze wtedy, kiedy dzieli si\u0119 swoj\u0105 wiar\u0105 z innymi. Pi\u0105tkowe spotkania wsp\u00f3lnoty zawieraj\u0105 modlitw\u0119, temat spotkania, pogaduszki, wielbienie Pana, adoracj\u0119. Inne wsp\u00f3lne dzia\u0142ania to: chodzenie po g\u00f3rach, siatk\u00f3wka, narty &#8211; bieg\u00f3wki, \u0142y\u017cwy, ognisko z kie\u0142baskami, ob\u00f3z parafialny czy te\u017c wyprawy do miejsc pielgrzymkowych. Przyjd\u017a bez wahania, czekamy na Ciebie \u2026\u00a0<\/span><\/p>\n<p><span style=\"font-family: georgia, palatino, serif; font-size: 14pt;\"><strong>Kiedy si\u0119 spotykamy:\u00a0\u00a0\u00a0\u00a0\u00a0<\/strong><br \/>\nW ka\u017cdy pi\u0105tek od godz. 19:00 w gara\u017cu na farze.<\/span><\/p>\n<p><span style=\"font-family: georgia, palatino, serif; font-size: 14pt;\"><strong>Inne przes\u0142anie:\u00a0<\/strong><br \/>\n<em>Mt 18,20: \u201eBo gdzie s\u0105 dwaj albo trzej zgromadzeni w imi\u0119 moje, tam jestem po\u015br\u00f3d nich.\u201c<\/em><\/span><\/p>\n<p><span style=\"font-family: georgia, palatino, serif; font-size: 14pt;\"><strong>Osoba kontaktowa:\u00a0\u00a0<\/strong><br \/>\nDavid Byrtus,<br \/>\n<\/span><span style=\"font-family: georgia, palatino, serif; font-size: 14pt;\">tel.: 731\u00a0340 280<br \/>\n<\/span><span style=\"font-family: georgia, palatino, serif; font-size: 14pt;\">mail: <span style=\"color: #008000;\">davebyrtus@seznam.cz<\/span><\/span><\/p>\n<p>&nbsp;<\/p>\n<p>&nbsp;<\/p>\n<p><span style=\"font-family: georgia, palatino, serif; font-size: 14pt;\">Prezentujemy:\u00a0\u00a0\u00a0\u00a0\u00a0\u00a0\u00a0\u00a0\u00a0\u00a0\u00a0\u00a0\u00a0\u00a0\u00a0\u00a0\u00a0 <strong>WSP\u00d3LNOTA SAMUEL<\/strong><\/span><\/p>\n<p><span style=\"font-family: georgia, palatino, serif; font-size: 14pt;\"><strong>Czym si\u0119 zajmujemy:<\/strong><br \/>\nNasza wsp\u00f3lnota jest z za\u0142o\u017cenia ca\u0142kowicie otwarta &#8211; bez ogranicze\u0144 wiekowych lub innych.<\/span><\/p>\n<p><span style=\"font-family: georgia, palatino, serif; font-size: 14pt;\">Staramy si\u0119 wspiera\u0107 wszystkich przychodz\u0105cych poprzez wzajemne dzielenie si\u0119, wsp\u00f3lne modlitwy, wsp\u00f3lne rozwa\u017canie Pisma \u015awi\u0119tego oraz pomoc praktyczn\u0105.<\/span><\/p>\n<p><span style=\"font-family: georgia, palatino, serif; font-size: 14pt;\"><strong>Kiedy si\u0119 spotykamy<\/strong>:<br \/>\nW ka\u017cdy trzeci wtorek w miesi\u0105cu w ko\u015bciele Bo\u017cego Mi\u0142osierdzia w Piosku zawsze po mszy \u015bw., kt\u00f3ra rozpoczyna si\u0119 w okresie letnim o godz.\u00a018:00, a zim\u0105 o godz. 17:00.<\/span><\/p>\n<p><span style=\"font-family: georgia, palatino, serif; font-size: 14pt;\"><strong>Inne przes\u0142anie:\u00a0\u00a0\u00a0<\/strong><br \/>\n<em>Ch\u0119tnie przywitamy Ci\u0119 w\u015br\u00f3d nas<\/em><\/span><\/p>\n<p><span style=\"font-family: georgia, palatino, serif; font-size: 14pt;\"><strong>Osoba kontaktowa:\u00a0<\/strong><br \/>\nJosef Byrtus<br \/>\n<\/span><span style=\"font-family: georgia, palatino, serif; font-size: 14pt;\">tel.: 739\u00a0469\u00a0585,<br \/>\n<\/span><span style=\"font-family: georgia, palatino, serif; font-size: 14pt;\">mail:<span style=\"color: #008000;\"> josefbyrtus@seznam.cz<\/span><\/span><\/p>\n<p>&nbsp;<\/p>\n<p><span style=\"font-family: georgia, palatino, serif; font-size: 14pt;\">Prezentujemy: \u00a0\u00a0\u00a0\u00a0\u00a0\u00a0\u00a0\u00a0\u00a0\u00a0\u00a0\u00a0\u00a0\u00a0\u00a0\u00a0 <strong>WSP\u00d3LNOTA MODLITWY KONTEMPLACYJNEJ (medytacje)<\/strong><\/span><\/p>\n<p><span style=\"font-family: georgia, palatino, serif; font-size: 14pt;\"><strong>Czym si\u0119 zajmujemy:<\/strong><br \/>\nWyciszenie toku s\u0142\u00f3w i my\u015bli, zanurzenie si\u0119 w g\u0142\u0119bi\u0119, otwarcie my\u015bli i serca Bogu. Uczymy si\u0119 po prostu by\u0107 w obecno\u015bci, kt\u00f3ra przekracza my\u015bli, s\u0142owa i emocje.<\/span><\/p>\n<p><span style=\"font-family: georgia, palatino, serif; font-size: 14pt;\"><strong>Kiedy si\u0119 spotykamy: \u00a0\u00a0<\/strong><br \/>\nAktualnie mamy pauz\u0119, b\u0119dziemy kontynuowa\u0107 dzia\u0142alno\u015b\u0107 na wiosn\u0119.<\/span><\/p>\n<p><span style=\"font-family: georgia, palatino, serif; font-size: 14pt;\">Inne przes\u0142anie:<br \/>\n<em>Grupa jest otwarta na wszystkich bez wzgl\u0119du na wiek, narodowo\u015b\u0107 lub wyznanie.<\/em><\/span><\/p>\n<p><span style=\"font-family: georgia, palatino, serif; font-size: 14pt;\"><strong>Osoba kontaktowa:<\/strong><br \/>\nDominika Kozera Dworokov\u00e1<br \/>\n<\/span><span style=\"font-family: georgia, palatino, serif; font-size: 14pt;\">tel.: 774 864\u00a0902<br \/>\n<\/span><span style=\"font-family: georgia, palatino, serif; font-size: 14pt;\">mail: <span style=\"color: #008000;\">dd.nika@seznam.cz<\/span><\/span><\/p>\n<p>&nbsp;<\/p>\n<p><span style=\"font-family: georgia, palatino, serif; font-size: 14pt;\">Prezentujemy:\u00a0\u00a0\u00a0\u00a0\u00a0\u00a0\u00a0\u00a0\u00a0\u00a0\u00a0\u00a0\u00a0\u00a0\u00a0\u00a0\u00a0 <strong>WSP\u00d3LNOTA NOCNEJ ADORACJI W RODZINACH<\/strong><\/span><\/p>\n<p><span style=\"font-family: georgia, palatino, serif; font-size: 14pt;\"><strong>Czym si\u0119 zajmujemy:<\/strong><br \/>\nJedn\u0105 godzin\u0119 w miesi\u0105cu po\u015bwi\u0119camy na nocn\u0105 adoracj\u0119, kt\u00f3rej tre\u015bci\u0105 i g\u0142\u00f3wnym celem jest wynagradzanie i ofiarowanie si\u0119 Boskiemu Sercu Jezusa za grzechy pope\u0142niane szczeg\u00f3lnie noc\u0105. Wynagradzania Sercu Jezusa ofiarujemy indywidualnie, w domu, przez po\u015bwi\u0119cenie miesi\u0119cznie jednej godziny swego snu.<\/span><\/p>\n<p><span style=\"font-family: georgia, palatino, serif; font-size: 14pt;\"><strong>Kiedy si\u0119 spotykamy: \u00a0\u00a0\u00a0<\/strong><br \/>\nWed\u0142ug w\u0142asnego wyboru podczas mszy \u015bw. ofiarowanych Sercu Pana Jezusa. W Bukowcu \u2013 w ka\u017cdy pierwszy czwartek i pierwszy pi\u0105tek (ewentualnie sobot\u0119), w Piosku \u2013 w ka\u017cd\u0105 pierwsz\u0105 niedziel\u0119 na mszy \u015bw. za sakrament ma\u0142\u017ce\u0144stwa oraz nawr\u00f3cenie rodzin, w Jab\u0142onkowie \u2013 w ka\u017cd\u0105 pierwsz\u0105 niedziel\u0119 na mszy \u015bwi\u0119tej.<\/span><\/p>\n<p><span style=\"font-family: georgia, palatino, serif; font-size: 14pt;\"><strong>Inne przes\u0142anie:<\/strong><br \/>\n<em>Zapraszamy wszystkich, kt\u00f3rzy pragn\u0105 czyni\u0107 pokut\u0119 za <\/em><em>obra\u017canie Serca Jezusowego oraz za grzechy pope\u0142niane przede wszystkim przez przyjaci\u00f3\u0142 Jezusa.<\/em><\/span><\/p>\n<p><span style=\"font-family: georgia, palatino, serif; font-size: 14pt;\"><strong>Osoba kontaktowa:\u00a0<\/strong><br \/>\nBukowiec: \u00a0\u00a0\u00a0 \u00a0\u00a0\u00a0\u00a0\u00a0\u00a0\u00a0\u00a0\u00a0 Terezie Lipowsk\u00e1 a Ji\u0159\u00ed \u0106miel, tel: 792\u00a0372 976<\/span><\/p>\n<p><span style=\"font-family: georgia, palatino, serif; font-size: 14pt;\">Piosek:\u00a0 \u00a0 \u00a0 \u00a0 \u00a0 \u00a0 \u00a0 \u00a0 \u00a0 \u00a0 \u00a0 Olga Jakub\u00edk, tel: 731 626 091<\/span><\/p>\n<p><span style=\"font-family: georgia, palatino, serif; font-size: 14pt;\">Pioseczn\u00e1:\u00a0 \u00a0 \u00a0 \u00a0 \u00a0 \u00a0 \u00a0 \u00a0 \u00a0Jadwiga Szkandera tel: 731 385 906<\/span><\/p>\n<p><span style=\"font-family: georgia, palatino, serif; font-size: 14pt;\">Jab\u0142onk\u00f3w i Nawsie: \u00a0\u00a0\u00a0\u00a0\u00a0\u00a0\u00a0\u00a0 Jaroslav Niedoba, tel: 792 373 187<\/span><\/p>\n<p><span style=\"font-family: georgia, palatino, serif; font-size: 14pt;\">\u00a0\u00a0\u00a0\u00a0 \u00a0\u00a0\u00a0\u00a0\u00a0\u00a0\u00a0\u00a0\u00a0\u00a0\u00a0\u00a0\u00a0\u00a0\u00a0\u00a0\u00a0\u00a0\u00a0\u00a0\u00a0\u00a0\u00a0\u00a0\u00a0\u00a0\u00a0\u00a0\u00a0\u00a0\u00a0\u00a0\u00a0\u00a0\u00a0\u00a0\u00a0\u00a0\u00a0<\/span><\/p>\n<p><span style=\"font-family: georgia, palatino, serif; font-size: 14pt;\">Prezentujemy: \u00a0\u00a0\u00a0\u00a0\u00a0\u00a0\u00a0\u00a0\u00a0\u00a0\u00a0\u00a0\u00a0\u00a0\u00a0\u00a0<strong> FAUSTINUM oraz STOWARZYSZENIE APOSTO\u0141\u00d3W BO\u017bEGO MI\u0141OSIERDZIA<\/strong><\/span><\/p>\n<p><span style=\"font-family: georgia, palatino, serif; font-size: 14pt;\">przy ko\u015bciele Bo\u017cego Mi\u0142osierdzia w Piosku<\/span><\/p>\n<p><span style=\"font-family: georgia, palatino, serif; font-size: 14pt;\"><strong>Czym si\u0119 zajmujemy: \u00a0\u00a0\u00a0\u00a0\u00a0<\/strong><br \/>\nRozwijamy duchowo\u015b\u0107 Bo\u017cego Mi\u0142osierdzia inspirowan\u0105 przez \u017cycie i dzie\u0142o siostry Faustyny Kowalskiej. Cz\u0142onkom naszej wsp\u00f3lnoty oferujemy czteroletni\u0105 formacj\u0119 i aktywne w\u0142\u0105czenie si\u0119 w apostolat Bo\u017cego Mi\u0142osierdzia.<\/span><\/p>\n<p><span style=\"font-family: georgia, palatino, serif; font-size: 14pt;\"><strong>Kiedy si\u0119 spotykamy:<\/strong><br \/>\nW ka\u017cdy pierwszy pi\u0105tek miesi\u0105ca w ko\u015bciele Bo\u017cego Mi\u0142osierdzia w Piosku po mszy \u015bwi\u0119tej. <\/span><span style=\"font-family: georgia, palatino, serif; font-size: 14pt;\">W ka\u017cdy trzeci pi\u0105tek miesi\u0105ca na mszy \u015bw. do Bo\u017cego Mi\u0142osierdzia.<\/span><\/p>\n<p><span style=\"font-family: georgia, palatino, serif; font-size: 14pt;\"><strong>Inne przes\u0142anie:\u00a0\u00a0<\/strong><br \/>\n<em>Bo\u017ce Mi\u0142osierdzie to nasza droga duchowa<\/em><\/span><\/p>\n<p><span style=\"font-family: georgia, palatino, serif; font-size: 14pt;\"><strong>Osoba kontaktowa:<\/strong><br \/>\nO. Henryk (Mgr. Alojzy D\u0105bek, OFM) tel: 733 741\u00a0208<br \/>\n<\/span><span style=\"font-family: georgia, palatino, serif; font-size: 14pt;\">Ji\u0159\u00ed \u0106miel tel: 792 372\u00a0976<\/span><\/p>\n<p>&nbsp;<\/p>\n<p>&nbsp;<\/p>\n<p><span style=\"font-family: georgia, palatino, serif; font-size: 14pt;\">Prezentujemy: \u00a0\u00a0\u00a0\u00a0\u00a0\u00a0\u00a0\u00a0\u00a0\u00a0\u00a0\u00a0\u00a0\u00a0\u00a0\u00a0 <strong>CH\u0141OPI &#8211; NIEFORMALNA WSP\u00d3LNOTA M\u0118\u017bCZYZN<\/strong><\/span><\/p>\n<p><span style=\"font-family: georgia, palatino, serif; font-size: 14pt;\"><strong>Czym si\u0119 zajmujemy:<\/strong><br \/>\nWsp\u00f3lnota m\u0119\u017cczyzn, kt\u00f3rzy poszukuj\u0105 takich sposob\u00f3w duchowego \u017cycia, z kt\u00f3rymi potrafi\u0105 si\u0119 jako m\u0119\u017cczy\u017ani uto\u017csami\u0107 i ca\u0142\u0105 istot\u0105 nimi \u017cy\u0107. Jeste\u015bmy m\u0119\u017cczyznami wierz\u0105cymi, \u017ce \u017cycie ma sens, i wspieramy si\u0119 w jego poszukiwaniu i realizacji. Nasze spotkania rozpoczynamy cz\u0119sto b\u0119bnowaniem, nie znaczy to jednak, musisz mie\u0107 b\u0119ben i r\u00f3wnie\u017c b\u0119bnowa\u0107. Dzielimy si\u0119 z wielkim po\u017cytkiem rado\u015bciami i zmartwieniami \u017cycia rodzinnego, ale s\u0105 w\u015br\u00f3d nas r\u00f3wnie\u017c koledzy, kt\u00f3rzy, \u017cyj\u0105 sami, lub kt\u00f3rym pozosta\u0142o tylko gorzkie wspomnienie ma\u0142\u017ce\u0144stwa. Wielu z nas stwierdzi\u0142o, \u017ce modlitwa jest niezb\u0119dn\u0105 cz\u0119\u015bci\u0105 ich \u017cycia.<\/span><\/p>\n<p><span style=\"font-family: georgia, palatino, serif; font-size: 14pt;\"><strong>Kiedy si\u0119 spotykamy:<\/strong><br \/>\nCo trzy tygodnie, we czwartki, od godz. 19:00 w uprzednio uzgodnionym miejscu<\/span><\/p>\n<p><span style=\"font-family: georgia, palatino, serif; font-size: 14pt;\"><strong>Inne przes\u0142anie: <\/strong><br \/>\n<em>Chcemy sprosta\u0107 odpowiedzialno\u015bci, kt\u00f3ra zosta\u0142a nam powierzona. Nie jeste\u015bmy w tym sami. Uczymy si\u0119 sta\u0107 jeden z drugim &#8211; przy sobie.<\/em><\/span><\/p>\n<p><span style=\"font-family: georgia, palatino, serif; font-size: 14pt;\"><strong>Osoba kontaktowa:<\/strong><br \/>\nMarek Pyszko<br \/>\n<\/span><span style=\"font-family: georgia, palatino, serif; font-size: 14pt;\">tel.: 732 652\u00a0935<br \/>\n<\/span><span style=\"font-family: georgia, palatino, serif; font-size: 14pt;\">mail: <span style=\"color: #008000;\">pmarc@post.cz<\/span><\/span><\/p>\n<p>&nbsp;<\/p>\n<p><span style=\"font-family: georgia, palatino, serif; font-size: 14pt;\">Prezentujemy:\u00a0\u00a0\u00a0\u00a0\u00a0\u00a0\u00a0\u00a0\u00a0\u00a0\u00a0\u00a0\u00a0\u00a0\u00a0\u00a0\u00a0 <strong>WSP\u00d3LNOTA MATKI BO\u017bEJ, PATRONKI SZCZ\u0118\u015aLIWEJ \u015aMIERCI<\/strong><\/span><\/p>\n<p><span style=\"font-family: georgia, palatino, serif; font-size: 14pt;\"><strong>Czym si\u0119 zajmujemy:\u00a0<\/strong><br \/>\nWsp\u00f3lnota jest wzmocnieniem dla tych, kt\u00f3rzy u\u015bwiadamiaj\u0105 sobie doczesno\u015b\u0107 swego obecnego \u017cycia. Modlimy si\u0119 za wszystkich bliskich, kt\u00f3rzy przechodz\u0105 na wieczno\u015b\u0107, szczeg\u00f3lnie za tych, kt\u00f3rzy nie s\u0105 przygotowani, lub odrzucaj\u0105 przyj\u0119cie potrzebnych \u0141ask Bo\u017cych. Nasze modlitwy powierzamy Maryi Pannie, jako wielkiej or\u0119downiczce.<\/span><\/p>\n<p><span style=\"font-family: georgia, palatino, serif; font-size: 14pt;\"><strong>Kiedy si\u0119 spotykamy:<\/strong><br \/>\nW tych intencjach ofiarowane s\u0105 w ko\u015bciele parafialnym raz w miesi\u0105cu msze \u015bwi\u0119te po\u0142\u0105czone z modlitw\u0105 r\u00f3\u017ca\u0144ca do Siedmiu Bole\u015bci Matki Bo\u017cej, (terminy mszy \u015bwi\u0119tych s\u0105 zaznaczone w kalendarzu katolickim).<\/span><br \/>\n<span style=\"font-family: georgia, palatino, serif; font-size: 14pt;\">W podobny spos\u00f3b odbywaj\u0105 si\u0119 msze \u015bw. r\u00f3wnie\u017c w ko\u015bcio\u0142ach filialnych.<\/span><\/p>\n<p><span style=\"font-family: georgia, palatino, serif; font-size: 14pt;\"><strong>Inne przes\u0142anie:\u00a0\u00a0\u00a0\u00a0\u00a0<\/strong><br \/>\n<em>Oddajemy si\u0119 pod opiek\u0119 Maryi Panny. Zainteresowanym udzielimy wsparcia, informacji i przeka\u017cemy broszur\u0119 z polecanymi modlitwami. <\/em><\/span><\/p>\n<p><span style=\"font-family: georgia, palatino, serif; font-size: 14pt;\"><strong>Osoba kontaktowa:<\/strong><br \/>\nJab\u0142onk\u00f3w: \u00a0 Martynkov\u00e1 Ur\u0161ula, tel.:727 874 995 i <\/span><span style=\"font-family: georgia, palatino, serif; font-size: 14pt;\">Grocholov\u00e1 \u017dofie, Macoszkov\u00e1 Marta 792 361\u00a0074<\/span><\/p>\n<p><span style=\"font-family: georgia, palatino, serif; font-size: 14pt;\">Piosek: \u00a0\u00a0\u00a0\u00a0\u00a0\u00a0\u00a0 Sobelov\u00e1 Marta, tel.: 604 170\u00a0768<\/span><\/p>\n<p><span style=\"font-family: georgia, palatino, serif; font-size: 14pt;\">\u00a0\u00a0\u00a0\u00a0\u00a0\u00a0\u00a0\u00a0\u00a0\u00a0\u00a0\u00a0\u00a0\u00a0\u00a0\u00a0\u00a0\u00a0\u00a0 mail: <span style=\"color: #008000;\">SobelovaMarta@seznam.cz<\/span><\/span><\/p>\n<p><span style=\"font-family: georgia, palatino, serif; font-size: 14pt;\">Bukowiec \u00a0\u00a0\u00a0\u00a0 Kornasov\u00e1 Terezie, tel.: 732 232\u00a0172<\/span><\/p>\n<p>&nbsp;<\/p>\n<p>&nbsp;<\/p>\n<p><span style=\"font-family: georgia, palatino, serif; font-size: 14pt;\">Prezentujemy: \u00a0\u00a0\u00a0\u00a0\u00a0\u00a0\u00a0\u00a0\u00a0\u00a0\u00a0\u00a0\u00a0\u00a0\u00a0\u00a0<strong> FRANCISZKA\u0143SKI ZAKON \u015aWIECKICH &#8211; TERCJARZE<\/strong><\/span><\/p>\n<p><span style=\"font-family: georgia, palatino, serif; font-size: 14pt;\"><strong>Czym si\u0119 zajmujemy: \u00a0<\/strong><br \/>\n\u201eRegu\u0142a i \u017cycie franciszka\u0144skich tercjarzy to: zachowywanie ewangelii naszego Pana Jezusa Chrystusa wed\u0142ug przyk\u0142adu \u015bw. Franciszka z\u00a0Asy\u017cu, kt\u00f3ry od Chrystusa [czerpa\u0142] podniety dla swego \u017cycia i uczyni\u0142 go centrum swego \u017cycia z Bogiem i z lud\u017ami.\u201d (Regu\u0142a art. 6) Spotkanie rozpoczynamy od kr\u00f3tkiej cichej adoracji, nast\u0119puje wsparcie w wierze z kazaniem ojca franciszkanina oraz wsp\u00f3lnym dzieleniem si\u0119. Nast\u0119pnie wracamy do dom\u00f3w, gdzie ka\u017cdy stara si\u0119 \u017cy\u0107 \u017cyciem chrze\u015bcija\u0144skim w swych rodzinach.<\/span><\/p>\n<p><span style=\"font-family: georgia, palatino, serif; font-size: 14pt;\"><strong>Kiedy si\u0119 spotykamy: \u00a0<\/strong><br \/>\nW pierwsz\u0105 niedziel\u0119 w miesi\u0105cu o 13:15 w klasztorze franciszkan\u00f3w w Jab\u0142onkowie. <\/span><span style=\"font-family: georgia, palatino, serif; font-size: 14pt;\">(Opr\u00f3cz letnich wakacji).<\/span><\/p>\n<p><span style=\"font-family: georgia, palatino, serif; font-size: 14pt;\"><strong>Inne przes\u0142anie:<\/strong><br \/>\n<em>Ch\u0119tnie przywitamy w\u015br\u00f3d nas ka\u017cdego, do kogo przemawia droga \u017cyciowa \u015bw. Franciszka.<\/em><\/span><\/p>\n<p><span style=\"font-family: georgia, palatino, serif; font-size: 14pt;\"><strong>Osoba kontaktowa:<\/strong><br \/>\nJan Puczok<br \/>\n<\/span><span style=\"font-family: georgia, palatino, serif; font-size: 14pt;\">tel.: 732\u00a0551 742<br \/>\n<\/span><span style=\"font-family: georgia, palatino, serif; font-size: 14pt;\">mail:<span style=\"color: #008000;\"> jpuczok@seznam.cz<\/span><\/span><\/p>\n<p><span style=\"font-family: georgia, palatino, serif; font-size: 14pt;\">Prezentujemy: \u00a0\u00a0\u00a0\u00a0\u00a0\u00a0\u00a0\u00a0\u00a0\u00a0\u00a0\u00a0\u00a0\u00a0\u00a0\u00a0<strong> WSP\u00d3LNOTA \u015aW. J\u00d3ZEFA ZA UMI<span style=\"font-family: georgia, palatino, serif;\">ERAJ<\/span><\/strong><\/span><span style=\"font-family: georgia, palatino, serif;\"><strong>\u0104CYCH<\/strong><\/span><\/p>\n<p style=\"text-align: justify;\"><span style=\"font-family: georgia,palatino,serif; font-size: 14pt;\">Wsp\u00f3lnota by\u0142a za\u0142o\u017cona w roku 1913 b\u0142. Alojzym Guanellou (1842-1915) z pomoc\u0105 i zatwierdzeniem papie\u017ca \u015bw. Piusa X. Wsp\u00f3lnota ma dwa cele:<\/span><\/p>\n<ol>\n<li style=\"text-align: justify;\"><span style=\"font-family: georgia,palatino,serif; font-size: 14pt;\">szerzy\u0107 i rozwija\u0107 w \u015bwiecie cze\u015b\u0107 ku czci \u015bw. J\u00f3zefa, patrona Ko\u015bcio\u0142a a szczeg\u00f3lnego patrona dobrej \u015bmierci.<\/span><\/li>\n<li style=\"text-align: justify;\"><span style=\"font-family: georgia,palatino,serif; font-size: 14pt;\">stara\u0107 si\u0119 o zainteresowanie mi\u0119dzy kap\u0142anami i laikami o duchowe dzie\u0142o modlitwy i dobrych uczynk\u00f3w jako pomoc wszystkim umieraj\u0105cym w ka\u017cdej chwili i we wszystkich sytuacjach. \u00a0T\u0105 drog\u0105 pomoc im otrzyma\u0107 \u0142ask\u0119 dobrej \u015bmierci, \u015bwi\u0119tej \u015bmierci \u2013 \u017cycia wiecznego.<\/span><\/li>\n<\/ol>\n<p style=\"text-align: justify;\"><span style=\"font-family: georgia,palatino,serif; font-size: 14pt;\">G\u0142\u00f3wna siedziba wsp\u00f3lnoty \u015bw. J\u00f3zefa znajduje si\u0119 w Rzymie przy ko\u015bciele \u015bw. J\u00f3zefa a obejmuje miliony cz\u0142onk\u00f3w z ca\u0142ego \u015bwiata.<\/span><\/p>\n<p style=\"text-align: justify;\"><span style=\"font-size: 14pt;\"><strong><span style=\"font-family: georgia,palatino,serif;\">Jak sta\u0107 si\u0119 cz\u0142onkiem?<\/span><\/strong><\/span><\/p>\n<ul>\n<li style=\"text-align: justify;\"><span style=\"font-family: georgia,palatino,serif; font-size: 14pt;\">Nag\u0142osi\u0107 swoje imi\u0119 do listy pani Helenie Kluzov\u00e9 po Mszy ku czci \u015bw. J\u00f3zefa za umieraj\u0105cych.<\/span><\/li>\n<li style=\"text-align: justify;\"><span style=\"font-family: georgia,palatino,serif; font-size: 14pt;\">Wci\u0105gu dnia wed\u0142ug mo\u015bliwo\u015bci modli\u0107 si\u0119 wi\u0119cej razy nast\u0119puj\u0105c\u0105\u00a0 modlitw\u0119: &#8222;<em>\u015bwi\u0119ty J\u00f3zefie, opiekunie pana Jezusa i prawdziwy oblubie\u0144cze Matki Bo\u017cej, m\u00f3dl si\u0119 za nami i za tymi, kt\u00f3rzy w ten dzie\u0144 umieraj\u0105.&#8221;<\/em><\/span><\/li>\n<\/ul>\n<p style=\"text-align: justify;\"><span style=\"font-size: 14pt;\"><strong><span style=\"font-family: georgia,palatino,serif;\">Odpusty dla cz\u0142onk\u00f3w<\/span><\/strong><\/span><\/p>\n<p style=\"text-align: justify;\"><span style=\"font-family: georgia,palatino,serif; font-size: 14pt;\"><strong>Odpust\u00a0<\/strong> &#8211; w teologii katolickiej poj\u0119cie oznaczaj\u0105ce darowanie przez Boga kary doczesnej za grzechy, kt\u00f3re zosta\u0142y odpuszczone co do winy. Odpust mo\u017ce by\u0107 zupe\u0142ny, je\u015bli jest darowaniem ca\u0142ej, przewidzianej przez Boga kary, lub cz\u0105stkowy \u2013 je\u015bli jest tej kary zmniejszeniem. Odpust mo\u017ce by\u0107 udzielony \u017cywym lub zmar\u0142ym i dotyczy wy\u0142\u0105cznie chrze\u015bcijan.<\/span><\/p>\n<p style=\"text-align: justify;\"><span style=\"font-size: 14pt;\"><strong><span style=\"font-family: georgia,palatino,serif;\">Odpust zupe\u0142ny uzyskuj\u0105 cz\u0142onkowie:<\/span><\/strong><\/span><\/p>\n<ul>\n<li style=\"text-align: justify;\"><span style=\"font-family: georgia,palatino,serif; font-size: 14pt;\">w dzie\u0144, w kt\u00f3rym byli zapisani do wsp\u00f3lnoty<\/span><\/li>\n<li style=\"text-align: justify;\"><span style=\"font-family: georgia,palatino,serif; font-size: 14pt;\">kap\u0142ani, kt\u00f3rzy odprawiaj\u0105 za konkretnego umieraj\u0105cego<\/span><\/li>\n<li style=\"text-align: justify;\"><span style=\"font-family: georgia,palatino,serif; font-size: 14pt;\">cz\u0142onkowie wsp\u00f3lnoty, kt\u00f3rzy uczetnicz\u0105 w Mszy ku chci \u015bw. J\u00f3zefa za umieraj\u0105cych<\/span><\/li>\n<li style=\"text-align: justify;\"><span style=\"font-family: georgia,palatino,serif; font-size: 14pt;\">wszystcy cz\u0142onkowie w godzinie \u015bmierci<\/span><\/li>\n<li style=\"text-align: justify;\"><span style=\"font-family: georgia,palatino,serif; font-size: 14pt;\">w \u015bwi\u0119ta \u015bw. J\u00f3zefa 19. 3. i 1. 5.<\/span><\/li>\n<li style=\"text-align: justify;\"><span style=\"font-family: georgia,palatino,serif; font-size: 14pt;\">w \u015bwi\u0119to \u015bw. rodziny<\/span><\/li>\n<li style=\"text-align: justify;\"><span style=\"font-family: georgia,palatino,serif; font-size: 14pt;\">21. 8. we wspomnienie \u015bw. Piusa X<\/span><\/li>\n<li style=\"text-align: justify;\"><span style=\"font-family: georgia,palatino,serif; font-size: 14pt;\">24. 10. we wspomnienie bl. Alojzego Guanella<\/span><\/li>\n<\/ul>\n<p><span style=\"font-size: 14pt;\"><strong><span style=\"font-family: georgia,palatino,serif;\">Odpust zupe\u0142ny mo\u017cna zyska\u0107 pod nast\u0119puj\u0105cymi warunkami:<\/span><\/strong><\/span><\/p>\n<ul>\n<li><span style=\"font-family: georgia,palatino,serif; font-size: 14pt;\">spowied\u017a \u015bw.<\/span><\/li>\n<li><span style=\"font-family: georgia,palatino,serif; font-size: 14pt;\">znajdowa\u0107 si\u0119 w stanie \u0142aski u\u015bwi\u0119caj\u0105cej<\/span><\/li>\n<li><span style=\"font-family: georgia,palatino,serif; font-size: 14pt;\">w dzie\u0144 zyskania odpustu przyst\u0105pi\u0107 do komunii \u015bw.<\/span><\/li>\n<li><span style=\"font-family: georgia,palatino,serif; font-size: 14pt;\">pomodli\u0107 si\u0119 w intencjach ojca \u015bwi\u0119tego Ojcze Nasz, Zdrowa\u015b Maryjo<\/span><\/li>\n<\/ul>\n<p style=\"text-align: justify;\"><span style=\"font-size: 14pt;\"><strong><span style=\"font-family: georgia,palatino,serif;\">Odpusty cz\u0105stkowe mo\u017cna zyska\u0107:<\/span><\/strong><\/span><\/p>\n<ul>\n<li style=\"text-align: justify;\"><span style=\"font-family: georgia,palatino,serif; font-size: 14pt;\">zawsze, kiedy cz\u0142onkowie pomodl\u0105 si\u0119 przytoczon\u0105 wy\u017cej modlitw\u0119 \u015bwi\u0119ty J\u00f3zefie,\u2026<\/span><\/li>\n<li style=\"text-align: justify;\"><span style=\"font-family: georgia,palatino,serif; font-size: 14pt;\">przy ka\u017cdym uczynku mi\u0142osiernym wykonanym z\u00a0my\u015bl\u0105 o wsp\u00f3lnocie<\/span><\/li>\n<\/ul>\n<p style=\"text-align: justify;\"><span style=\"font-size: 14pt;\"><strong><span style=\"font-family: georgia,palatino,serif;\">Kolejne dobra duchowe:<\/span><\/strong><\/span><\/p>\n<p style=\"text-align: justify;\"><span style=\"font-family: georgia,palatino,serif; font-size: 14pt;\">Zapisani cz\u0142onkowie maj\u0105 udzia\u0142 w \u0142askach p\u0142yn\u0105cych ze Mszy \u015bwi\u0119tych odprawianych ka\u017cdy dzie\u0144 w Rzymie w ko\u015bciele \u015bw. J\u00f3zefa, patrona dobrej \u015bmierci, na S\u0142owacji w ka\u017cdy tydzie\u0144 w \u015brod\u0119 w klasztorze \u015bw. J\u00f3zefa w Kremnickych Baniach.<\/span><\/p>\n<p style=\"text-align: center;\"><span style=\"font-size: 14pt;\"><strong><span style=\"font-family: georgia,palatino,serif;\">W ko\u015bciele parafialnym s\u0105 ka\u017cdy miesi\u0105c slu\u017cone Msze \u015bw. ku czci \u015bw. J\u00f3zefa za umieraj\u0105cych<\/span><\/strong><\/span><span style=\"font-family: georgia,palatino,serif; font-size: 14pt;\"><strong> zawsze w tygodniu po pierwszym pi\u0105tku miesi\u0105ca, na zmian\u0119: jeden miesi\u0105c w pi\u0105tek po polsku, drugi miesi\u0105c w \u015brod\u0119 po czesku, a zawsze o godz. 18.00. <\/strong><\/span><\/p>\n<p style=\"text-align: left;\"><span style=\"font-family: georgia,palatino,serif; font-size: 14pt;\"><strong>Osoba kontaktowa: <\/strong>Helena Kluzov\u00e1, tel. 606971683.<\/span><\/p>\n<p><\/p>","protected":false},"excerpt":{"rendered":"<p>Prezentujemy: \u00a0\u00a0\u00a0\u00a0\u00a0\u00a0\u00a0\u00a0\u00a0\u00a0\u00a0\u00a0\u00a0\u00a0\u00a0\u00a0 MA\u0141A WSP\u00d3LNOTA \u201eSPOL\u010cO\u201d Czym si\u0119 zajmujemy: \u00a0\u00a0 Jeste\u015bmy grup\u0105 m\u0142odzie\u017cy (drugi stopie\u0144 szko\u0142y podstawowej), kt\u00f3ra spotyka si\u0119, \u017ceby lepiej poznawa\u0107 samych siebie, innych, a przede wszystkim Boga. Na regularnych \u015brodowych spotkaniach wsp\u00f3lnie si\u0119 modlimy, s\u0142uchamy kr\u00f3tkiego tematu spotkania, ale te\u017c gramy gry lub wychodzimy na wsp\u00f3lne spacery. Opr\u00f3cz tego czasami wyruszamy na wsp\u00f3ln\u0105 [&hellip;]<\/p>\n","protected":false},"author":1,"featured_media":0,"parent":0,"menu_order":0,"comment_status":"closed","ping_status":"closed","template":"","meta":{"_exactmetrics_skip_tracking":false,"_exactmetrics_sitenote_active":false,"_exactmetrics_sitenote_note":"","_exactmetrics_sitenote_category":0,"_monsterinsights_skip_tracking":false,"_monsterinsights_sitenote_active":false,"_monsterinsights_sitenote_note":"","_monsterinsights_sitenote_category":0,"footnotes":""},"class_list":["post-6653","page","type-page","status-publish","hentry"],"aioseo_notices":[],"_links":{"self":[{"href":"https:\/\/www.farnost-jablunkov.cz\/pl\/wp-json\/wp\/v2\/pages\/6653"}],"collection":[{"href":"https:\/\/www.farnost-jablunkov.cz\/pl\/wp-json\/wp\/v2\/pages"}],"about":[{"href":"https:\/\/www.farnost-jablunkov.cz\/pl\/wp-json\/wp\/v2\/types\/page"}],"author":[{"embeddable":true,"href":"https:\/\/www.farnost-jablunkov.cz\/pl\/wp-json\/wp\/v2\/users\/1"}],"replies":[{"embeddable":true,"href":"https:\/\/www.farnost-jablunkov.cz\/pl\/wp-json\/wp\/v2\/comments?post=6653"}],"version-history":[{"count":16,"href":"https:\/\/www.farnost-jablunkov.cz\/pl\/wp-json\/wp\/v2\/pages\/6653\/revisions"}],"predecessor-version":[{"id":12792,"href":"https:\/\/www.farnost-jablunkov.cz\/pl\/wp-json\/wp\/v2\/pages\/6653\/revisions\/12792"}],"wp:attachment":[{"href":"https:\/\/www.farnost-jablunkov.cz\/pl\/wp-json\/wp\/v2\/media?parent=6653"}],"curies":[{"name":"wp","href":"https:\/\/api.w.org\/{rel}","templated":true}]}}