{"id":1916,"date":"2017-09-29T14:18:49","date_gmt":"2017-09-29T12:18:49","guid":{"rendered":"http:\/\/agathonet.com\/cs\/?page_id=1916"},"modified":"2017-10-06T19:00:26","modified_gmt":"2017-10-06T17:00:26","slug":"prozili-jsme","status":"publish","type":"page","link":"https:\/\/www.farnost-jablunkov.cz\/pl\/prozili-jsme","title":{"rendered":"Wydarzy\u0142o si\u0119:"},"content":{"rendered":"<div class=\"pt-cv-wrapper\"><div class=\"pt-cv-view pt-cv-grid pt-cv-colsys\" id=\"pt-cv-view-5111f1bcpo\"><div data-id=\"pt-cv-page-1\" class=\"pt-cv-page\" data-cvc=\"3\"><div class=\"col-md-4 col-sm-4 col-xs-12 pt-cv-content-item pt-cv-1-col\" ><div class='pt-cv-ifield'><a href=\"https:\/\/www.farnost-jablunkov.cz\/pl\/archiv\/12809\" class=\"_self pt-cv-href-thumbnail pt-cv-thumb-default\" target=\"_self\" ><\/a>\n<div class=\"pt-cv-title\"><a href=\"https:\/\/www.farnost-jablunkov.cz\/pl\/archiv\/12809\" class=\"_self\" target=\"_self\" >Misie Bukovec 2025<\/a><\/div>\n<div class=\"pt-cv-content\"> ...<br \/><div class=\"pt-cv-rmwrap\"><a href=\"https:\/\/www.farnost-jablunkov.cz\/pl\/archiv\/12809\" class=\"_self pt-cv-readmore btn btn-success\" target=\"_self\">Wi\u0119cej<\/a><\/div><\/div><\/div><\/div>\n<div class=\"col-md-4 col-sm-4 col-xs-12 pt-cv-content-item pt-cv-1-col\" ><div class='pt-cv-ifield'><a href=\"https:\/\/www.farnost-jablunkov.cz\/pl\/archiv\/12495\" class=\"_self pt-cv-href-thumbnail pt-cv-thumb-default\" target=\"_self\" ><img loading=\"lazy\" decoding=\"async\" width=\"350\" height=\"200\" src=\"https:\/\/www.farnost-jablunkov.cz\/wp-content\/uploads\/2025\/10\/IMG-20250928-WA0002-350x200.jpg\" class=\"pt-cv-thumbnail\" alt=\"\" \/><\/a>\n<div class=\"pt-cv-title\"><a href=\"https:\/\/www.farnost-jablunkov.cz\/pl\/archiv\/12495\" class=\"_self\" target=\"_self\" >Pou\u0165 v jubilejn\u00edm roce 2025<\/a><\/div>\n<div class=\"pt-cv-content\">Na\u0161e pou\u0165 za\u010d\u00edn\u00e1 ve st\u0159edu 17. z\u00e1\u0159\u00ed 2025 M\u0161i svatou poutn\u00edk\u016f z V\u0159esiny, Jablunkova a ...<br \/><div class=\"pt-cv-rmwrap\"><a href=\"https:\/\/www.farnost-jablunkov.cz\/pl\/archiv\/12495\" class=\"_self pt-cv-readmore btn btn-success\" target=\"_self\">Wi\u0119cej<\/a><\/div><\/div><\/div><\/div>\n<div class=\"col-md-4 col-sm-4 col-xs-12 pt-cv-content-item pt-cv-1-col\" ><div class='pt-cv-ifield'><a href=\"https:\/\/www.farnost-jablunkov.cz\/pl\/archiv\/12420\" class=\"_self pt-cv-href-thumbnail pt-cv-thumb-default\" target=\"_self\" ><img loading=\"lazy\" decoding=\"async\" width=\"350\" height=\"200\" src=\"https:\/\/www.farnost-jablunkov.cz\/wp-content\/uploads\/2025\/08\/IMG_9652-350x200.jpg\" class=\"pt-cv-thumbnail\" alt=\"\" \/><\/a>\n<div class=\"pt-cv-title\"><a href=\"https:\/\/www.farnost-jablunkov.cz\/pl\/archiv\/12420\" class=\"_self\" target=\"_self\" >Sv\u011bcen\u00ed nov\u00fdch zvon\u016f<\/a><\/div>\n<div class=\"pt-cv-content\">V ned\u011bli 17. srpna 2025 ve fili\u00e1ln\u00edm kostele Nanebevzet\u00ed Panny Marie v Bukovci byli b\u011bhem ...<br \/><div class=\"pt-cv-rmwrap\"><a href=\"https:\/\/www.farnost-jablunkov.cz\/pl\/archiv\/12420\" class=\"_self pt-cv-readmore btn btn-success\" target=\"_self\">Wi\u0119cej<\/a><\/div><\/div><\/div><\/div>\n<div class=\"col-md-4 col-sm-4 col-xs-12 pt-cv-content-item pt-cv-1-col\" ><div class='pt-cv-ifield'><a href=\"https:\/\/www.farnost-jablunkov.cz\/pl\/archiv\/12242\" class=\"_self pt-cv-href-thumbnail pt-cv-thumb-default\" target=\"_self\" ><img loading=\"lazy\" decoding=\"async\" width=\"350\" height=\"200\" src=\"https:\/\/www.farnost-jablunkov.cz\/wp-content\/uploads\/2024\/02\/MASKARAK-page-001-350x200.jpg\" class=\"pt-cv-thumbnail\" alt=\"\" \/><\/a>\n<div class=\"pt-cv-title\"><a href=\"https:\/\/www.farnost-jablunkov.cz\/pl\/archiv\/12242\" class=\"_self\" target=\"_self\" >Ma\u0161karn\u00ed farn\u00ed ples<\/a><\/div>\n<div class=\"pt-cv-content\">V ned\u011bli 2. \u00fanora 2025 se v PZKO Jablunkov uskute\u010dnil d\u011btsk\u00fd ma\u0161karn\u00ed ples. Ochotn\u00e9 maminky, ...<br \/><div class=\"pt-cv-rmwrap\"><a href=\"https:\/\/www.farnost-jablunkov.cz\/pl\/archiv\/12242\" class=\"_self pt-cv-readmore btn btn-success\" target=\"_self\">Wi\u0119cej<\/a><\/div><\/div><\/div><\/div>\n<div class=\"col-md-4 col-sm-4 col-xs-12 pt-cv-content-item pt-cv-1-col\" ><div class='pt-cv-ifield'><a href=\"https:\/\/www.farnost-jablunkov.cz\/pl\/archiv\/8030\" class=\"_self pt-cv-href-thumbnail pt-cv-thumb-default\" target=\"_self\" ><\/a>\n<div class=\"pt-cv-title\"><a href=\"https:\/\/www.farnost-jablunkov.cz\/pl\/archiv\/8030\" class=\"_self\" target=\"_self\" >Rekolekce P. Linharta<\/a><\/div>\n<div class=\"pt-cv-content\">Odkaz na sobotn\u00ed M\u0161i svatou s promluvou a n\u00e1sledn\u011b v 9.00 hod. promluva P. Linharta\u00a0 ...<br \/><div class=\"pt-cv-rmwrap\"><a href=\"https:\/\/www.farnost-jablunkov.cz\/pl\/archiv\/8030\" class=\"_self pt-cv-readmore btn btn-success\" target=\"_self\">Wi\u0119cej<\/a><\/div><\/div><\/div><\/div>\n<div class=\"col-md-4 col-sm-4 col-xs-12 pt-cv-content-item pt-cv-1-col\" ><div class='pt-cv-ifield'><a href=\"https:\/\/www.farnost-jablunkov.cz\/pl\/archiv\/7982\" class=\"_self pt-cv-href-thumbnail pt-cv-thumb-default\" target=\"_self\" ><img loading=\"lazy\" decoding=\"async\" width=\"350\" height=\"200\" src=\"https:\/\/www.farnost-jablunkov.cz\/wp-content\/uploads\/2023\/02\/Manzele_2024-page-001-e1706949319527-350x200.jpg\" class=\"pt-cv-thumbnail\" alt=\"\" \/><\/a>\n<div class=\"pt-cv-title\"><a href=\"https:\/\/www.farnost-jablunkov.cz\/pl\/archiv\/7982\" class=\"_self\" target=\"_self\" >Z\u00e1znam z p\u0159edn\u00e1\u0161ek duchovn\u00ed obnovy pro man\u017eel\u00e9<\/a><\/div>\n<div class=\"pt-cv-content\">Odkazy na p\u0159edn\u00e1\u0161ky pro man\u017eele otce ThLic. Karla D. Sko\u010dovsk\u00e9ho, Ph.D. na t\u00e9ma ko\u0159eny a ...<br \/><div class=\"pt-cv-rmwrap\"><a href=\"https:\/\/www.farnost-jablunkov.cz\/pl\/archiv\/7982\" class=\"_self pt-cv-readmore btn btn-success\" target=\"_self\">Wi\u0119cej<\/a><\/div><\/div><\/div><\/div>\n<div class=\"col-md-4 col-sm-4 col-xs-12 pt-cv-content-item pt-cv-1-col\" ><div class='pt-cv-ifield'><a href=\"https:\/\/www.farnost-jablunkov.cz\/pl\/archiv\/7832\" class=\"_self pt-cv-href-thumbnail pt-cv-thumb-default\" target=\"_self\" ><\/a>\n<div class=\"pt-cv-title\"><a href=\"https:\/\/www.farnost-jablunkov.cz\/pl\/archiv\/7832\" class=\"_self\" target=\"_self\" >Marek Orko V\u00e1cha<\/a><\/div>\n<div class=\"pt-cv-content\">odkazy na p\u0159edn\u00e1\u0161ku kn\u011bze Marka Orko V\u00e1chy, kter\u00fd nav\u0161t\u00edvil na\u0161\u00ed farnost 7. \u0159\u00edjna 2023. https:\/\/www.youtube.com\/watch?v=GDIaN570dGE ...<br \/><div class=\"pt-cv-rmwrap\"><a href=\"https:\/\/www.farnost-jablunkov.cz\/pl\/archiv\/7832\" class=\"_self pt-cv-readmore btn btn-success\" target=\"_self\">Wi\u0119cej<\/a><\/div><\/div><\/div><\/div>\n<div class=\"col-md-4 col-sm-4 col-xs-12 pt-cv-content-item pt-cv-1-col\" ><div class='pt-cv-ifield'><a href=\"https:\/\/www.farnost-jablunkov.cz\/pl\/archiv\/7610\" class=\"_self pt-cv-href-thumbnail pt-cv-thumb-default\" target=\"_self\" ><img loading=\"lazy\" decoding=\"async\" width=\"350\" height=\"200\" src=\"https:\/\/www.farnost-jablunkov.cz\/wp-content\/uploads\/2023\/08\/IMG_20230731_131937-350x200.jpg\" class=\"pt-cv-thumbnail\" alt=\"\" \/><\/a>\n<div class=\"pt-cv-title\"><a href=\"https:\/\/www.farnost-jablunkov.cz\/pl\/archiv\/7610\" class=\"_self\" target=\"_self\" >Fotoreport\u00e1\u017e z pout\u011b do \u0160v\u00fdcarska<\/a><\/div>\n<div class=\"pt-cv-content\">Poutn\u011b-pozn\u00e1vac\u00ed z\u00e1jezd do \u0160v\u00fdcarska a It\u00e1lie 30.7.-6.08.2023 V ned\u011bln\u00edch odpoledn\u00edch hodin\u00e1ch, jsme op\u011bt po roce, ...<br \/><div class=\"pt-cv-rmwrap\"><a href=\"https:\/\/www.farnost-jablunkov.cz\/pl\/archiv\/7610\" class=\"_self pt-cv-readmore btn btn-success\" target=\"_self\">Wi\u0119cej<\/a><\/div><\/div><\/div><\/div>\n<div class=\"col-md-4 col-sm-4 col-xs-12 pt-cv-content-item pt-cv-1-col\" ><div class='pt-cv-ifield'><a href=\"https:\/\/www.farnost-jablunkov.cz\/pl\/archiv\/7554\" class=\"_self pt-cv-href-thumbnail pt-cv-thumb-default\" target=\"_self\" ><img loading=\"lazy\" decoding=\"async\" width=\"350\" height=\"200\" src=\"https:\/\/www.farnost-jablunkov.cz\/wp-content\/uploads\/2014\/07\/feet2-350x200.jpg\" class=\"pt-cv-thumbnail\" alt=\"\" \/><\/a>\n<div class=\"pt-cv-title\"><a href=\"https:\/\/www.farnost-jablunkov.cz\/pl\/archiv\/7554\" class=\"_self\" target=\"_self\" >Prezentace tradice online<\/a><\/div>\n<div class=\"pt-cv-content\">Zako\u0144czy\u0142em temat pod nazw\u0105 &#8222;Moc tradycji&#8221;. By\u0142em w Ksi\u0119dza Parafii na ceremoniach zwi\u0105zanych z Bo\u017cym ...<br \/><div class=\"pt-cv-rmwrap\"><a href=\"https:\/\/www.farnost-jablunkov.cz\/pl\/archiv\/7554\" class=\"_self pt-cv-readmore btn btn-success\" target=\"_self\">Wi\u0119cej<\/a><\/div><\/div><\/div><\/div>\n<div class=\"col-md-4 col-sm-4 col-xs-12 pt-cv-content-item pt-cv-1-col\" ><div class='pt-cv-ifield'><a href=\"https:\/\/www.farnost-jablunkov.cz\/pl\/archiv\/7490\" class=\"_self pt-cv-href-thumbnail pt-cv-thumb-default\" target=\"_self\" ><img loading=\"lazy\" decoding=\"async\" width=\"350\" height=\"200\" src=\"https:\/\/www.farnost-jablunkov.cz\/wp-content\/uploads\/2023\/04\/IMG-6984-1-350x200.jpg\" class=\"pt-cv-thumbnail\" alt=\"\" \/><\/a>\n<div class=\"pt-cv-title\"><a href=\"https:\/\/www.farnost-jablunkov.cz\/pl\/archiv\/7490\" class=\"_self\" target=\"_self\" >Pobo\u017enost k\u0159\u00ed\u017eov\u00e9 cesty<\/a><\/div>\n<div class=\"pt-cv-content\">Tradycj\u0105 w naszej parafii sta\u0142o si\u0119 nabo\u017ce\u0144stwo Drogi Krzy\u017cowej ulicami miasta. W atmosferze szumu ulicy ...<br \/><div class=\"pt-cv-rmwrap\"><a href=\"https:\/\/www.farnost-jablunkov.cz\/pl\/archiv\/7490\" class=\"_self pt-cv-readmore btn btn-success\" target=\"_self\">Wi\u0119cej<\/a><\/div><\/div><\/div><\/div>\n<div class=\"col-md-4 col-sm-4 col-xs-12 pt-cv-content-item pt-cv-1-col\" ><div class='pt-cv-ifield'><a href=\"https:\/\/www.farnost-jablunkov.cz\/pl\/archiv\/7257\" class=\"_self pt-cv-href-thumbnail pt-cv-thumb-default\" target=\"_self\" ><img loading=\"lazy\" decoding=\"async\" width=\"350\" height=\"200\" src=\"https:\/\/www.farnost-jablunkov.cz\/wp-content\/uploads\/2022\/09\/IMG_20220907_150340-350x200.jpg\" class=\"pt-cv-thumbnail\" alt=\"\" \/><\/a>\n<div class=\"pt-cv-title\"><a href=\"https:\/\/www.farnost-jablunkov.cz\/pl\/archiv\/7257\" class=\"_self\" target=\"_self\" >Fotorepotra\u017c z pielgrzymki do Grecji<\/a><\/div>\n<div class=\"pt-cv-content\">Fotorepotra\u017c z pielgrzymki do Grecji Leteck\u00e1 pou\u0165 po stop\u00e1ch sv. Pavla do \u0158ecka po\u0159\u00e1d\u00e1 farnost ...<br \/><div class=\"pt-cv-rmwrap\"><a href=\"https:\/\/www.farnost-jablunkov.cz\/pl\/archiv\/7257\" class=\"_self pt-cv-readmore btn btn-success\" target=\"_self\">Wi\u0119cej<\/a><\/div><\/div><\/div><\/div>\n<div class=\"col-md-4 col-sm-4 col-xs-12 pt-cv-content-item pt-cv-1-col\" ><div class='pt-cv-ifield'><a href=\"https:\/\/www.farnost-jablunkov.cz\/pl\/archiv\/7023\" class=\"_self pt-cv-href-thumbnail pt-cv-thumb-default\" target=\"_self\" ><img loading=\"lazy\" decoding=\"async\" width=\"350\" height=\"200\" src=\"https:\/\/www.farnost-jablunkov.cz\/wp-content\/uploads\/2022\/08\/IMG_20220727_090243_1-350x200.jpg\" class=\"pt-cv-thumbnail\" alt=\"\" \/><\/a>\n<div class=\"pt-cv-title\"><a href=\"https:\/\/www.farnost-jablunkov.cz\/pl\/archiv\/7023\" class=\"_self\" target=\"_self\" >Fotoreporta\u017c z pielgrzymki do W\u0142och 2022<\/a><\/div>\n<div class=\"pt-cv-content\">\u00a0 Poutn\u00ed, pozn\u00e1vac\u00ed z\u00e1jezd spojen\u00fd s odpo\u010dinkem u mo\u0159e It\u00e1lie \u2013 na Garg\u00e1no \u2013 Apulie ...<br \/><div class=\"pt-cv-rmwrap\"><a href=\"https:\/\/www.farnost-jablunkov.cz\/pl\/archiv\/7023\" class=\"_self pt-cv-readmore btn btn-success\" target=\"_self\">Wi\u0119cej<\/a><\/div><\/div><\/div><\/div>\n<div class=\"col-md-4 col-sm-4 col-xs-12 pt-cv-content-item pt-cv-1-col\" ><div class='pt-cv-ifield'><a href=\"https:\/\/www.farnost-jablunkov.cz\/pl\/archiv\/6461\" class=\"_self pt-cv-href-thumbnail pt-cv-thumb-default\" target=\"_self\" ><img loading=\"lazy\" decoding=\"async\" width=\"350\" height=\"200\" src=\"https:\/\/www.farnost-jablunkov.cz\/wp-content\/uploads\/2021\/10\/PHOTO-2021-10-10-09-51-59_1-350x200.jpg\" class=\"pt-cv-thumbnail\" alt=\"\" \/><\/a>\n<div class=\"pt-cv-title\"><a href=\"https:\/\/www.farnost-jablunkov.cz\/pl\/archiv\/6461\" class=\"_self\" target=\"_self\" >PIelgrzymka do Neratova<\/a><\/div>\n<div class=\"pt-cv-content\"> ...<br \/><div class=\"pt-cv-rmwrap\"><a href=\"https:\/\/www.farnost-jablunkov.cz\/pl\/archiv\/6461\" class=\"_self pt-cv-readmore btn btn-success\" target=\"_self\">Wi\u0119cej<\/a><\/div><\/div><\/div><\/div>\n<div class=\"col-md-4 col-sm-4 col-xs-12 pt-cv-content-item pt-cv-1-col\" ><div class='pt-cv-ifield'><a href=\"https:\/\/www.farnost-jablunkov.cz\/pl\/archiv\/3971\" class=\"_self pt-cv-href-thumbnail pt-cv-thumb-default\" target=\"_self\" ><img loading=\"lazy\" decoding=\"async\" width=\"350\" height=\"200\" src=\"https:\/\/www.farnost-jablunkov.cz\/wp-content\/uploads\/2021\/08\/IMG_20210722_072212-350x200.jpg\" class=\"pt-cv-thumbnail\" alt=\"\" \/><\/a>\n<div class=\"pt-cv-title\"><a href=\"https:\/\/www.farnost-jablunkov.cz\/pl\/archiv\/3971\" class=\"_self\" target=\"_self\" >Fotoreporta\u017c z pielgrzymki do Francji<\/a><\/div>\n<div class=\"pt-cv-content\">Poutn\u00ed, pozn\u00e1vac\u00ed cesta p\u0159\u00e1tel P. Janusze Kiwaka a CK Voma tentokr\u00e1t do DO FRANCIE A ...<br \/><div class=\"pt-cv-rmwrap\"><a href=\"https:\/\/www.farnost-jablunkov.cz\/pl\/archiv\/3971\" class=\"_self pt-cv-readmore btn btn-success\" target=\"_self\">Wi\u0119cej<\/a><\/div><\/div><\/div><\/div>\n<div class=\"col-md-4 col-sm-4 col-xs-12 pt-cv-content-item pt-cv-1-col\" ><div class='pt-cv-ifield'><a href=\"https:\/\/www.farnost-jablunkov.cz\/pl\/archiv\/6158\" class=\"_self pt-cv-href-thumbnail pt-cv-thumb-default\" target=\"_self\" ><img loading=\"lazy\" decoding=\"async\" width=\"350\" height=\"200\" src=\"https:\/\/www.farnost-jablunkov.cz\/wp-content\/uploads\/2021\/06\/ks.Michal-350x200.jpg\" class=\"pt-cv-thumbnail\" alt=\"\" \/><\/a>\n<div class=\"pt-cv-title\"><a href=\"https:\/\/www.farnost-jablunkov.cz\/pl\/archiv\/6158\" class=\"_self\" target=\"_self\" >Prymicje ks. Michala Kren\u017eeloka<\/a><\/div>\n<div class=\"pt-cv-content\"> ...<br \/><div class=\"pt-cv-rmwrap\"><a href=\"https:\/\/www.farnost-jablunkov.cz\/pl\/archiv\/6158\" class=\"_self pt-cv-readmore btn btn-success\" target=\"_self\">Wi\u0119cej<\/a><\/div><\/div><\/div><\/div><\/div><\/div>\n<div class=\" pt-cv-pagination-wrapper\"><ul class=\"pt-cv-pagination pt-cv-ajax pagination\" data-totalpages=\"4\" data-currentpage=\"1\" data-sid=\"5111f1bcpo\" data-unid=\"\" data-isblock=\"\" data-postid=\"\"><li class=\"active\"><a href=\"#\">1<\/a><\/li>\n\t<li ><a class=\"\" href=\"https:\/\/www.farnost-jablunkov.cz\/pl\/wp-json\/wp\/v2\/pages\/1916\/?_page=2\">2<\/a><\/li>\n\t<li ><a class=\"\" href=\"https:\/\/www.farnost-jablunkov.cz\/pl\/wp-json\/wp\/v2\/pages\/1916\/?_page=3\">3<\/a><\/li>\n\t<li ><a class=\"\" href=\"https:\/\/www.farnost-jablunkov.cz\/pl\/wp-json\/wp\/v2\/pages\/1916\/?_page=4\">4<\/a><\/li>\n\t<li ><a class=\" \" href=\"https:\/\/www.farnost-jablunkov.cz\/pl\/wp-json\/wp\/v2\/pages\/1916\/?_page=2\">&rsaquo;<\/a><\/li>\n\t<\/ul><img loading=\"lazy\" decoding=\"async\" width=\"15\" height=\"15\" class=\"pt-cv-spinner\" alt=\"Loading...\" src=\"data:image\/gif;base64,R0lGODlhDwAPALMPAMrKygwMDJOTkz09PZWVla+vr3p6euTk5M7OzuXl5TMzMwAAAJmZmWZmZszMzP\/\/\/yH\/C05FVFNDQVBFMi4wAwEAAAAh+QQFCgAPACwAAAAADwAPAAAEQvDJaZaZOIcV8iQK8VRX4iTYoAwZ4iCYoAjZ4RxejhVNoT+mRGP4cyF4Pp0N98sBGIBMEMOotl6YZ3S61Bmbkm4mAgAh+QQFCgAPACwAAAAADQANAAAENPDJSRSZeA418itN8QiK8BiLITVsFiyBBIoYqnoewAD4xPw9iY4XLGYSjkQR4UAUD45DLwIAIfkEBQoADwAsAAAAAA8ACQAABC\/wyVlamTi3nSdgwFNdhEJgTJoNyoB9ISYoQmdjiZPcj7EYCAeCF1gEDo4Dz2eIAAAh+QQFCgAPACwCAAAADQANAAAEM\/DJBxiYeLKdX3IJZT1FU0iIg2RNKx3OkZVnZ98ToRD4MyiDnkAh6BkNC0MvsAj0kMpHBAAh+QQFCgAPACwGAAAACQAPAAAEMDC59KpFDll73HkAA2wVY5KgiK5b0RRoI6MuzG6EQqCDMlSGheEhUAgqgUUAFRySIgAh+QQFCgAPACwCAAIADQANAAAEM\/DJKZNLND\/kkKaHc3xk+QAMYDKsiaqmZCxGVjSFFCxB1vwy2oOgIDxuucxAMTAJFAJNBAAh+QQFCgAPACwAAAYADwAJAAAEMNAs86q1yaWwwv2Ig0jUZx3OYa4XoRAfwADXoAwfo1+CIjyFRuEho60aSNYlOPxEAAAh+QQFCgAPACwAAAIADQANAAAENPA9s4y8+IUVcqaWJ4qEQozSoAzoIyhCK2NFU2SJk0hNnyEOhKR2AzAAj4Pj4GE4W0bkJQIAOw==\" \/><div class=\"clear pt-cv-clear-pagination\"><\/div><\/div><\/div>\n","protected":false},"excerpt":{"rendered":"","protected":false},"author":1,"featured_media":0,"parent":0,"menu_order":0,"comment_status":"closed","ping_status":"closed","template":"","meta":{"_exactmetrics_skip_tracking":false,"_exactmetrics_sitenote_active":false,"_exactmetrics_sitenote_note":"","_exactmetrics_sitenote_category":0,"_monsterinsights_skip_tracking":false,"_monsterinsights_sitenote_active":false,"_monsterinsights_sitenote_note":"","_monsterinsights_sitenote_category":0,"footnotes":""},"class_list":["post-1916","page","type-page","status-publish","hentry"],"aioseo_notices":[],"_links":{"self":[{"href":"https:\/\/www.farnost-jablunkov.cz\/pl\/wp-json\/wp\/v2\/pages\/1916"}],"collection":[{"href":"https:\/\/www.farnost-jablunkov.cz\/pl\/wp-json\/wp\/v2\/pages"}],"about":[{"href":"https:\/\/www.farnost-jablunkov.cz\/pl\/wp-json\/wp\/v2\/types\/page"}],"author":[{"embeddable":true,"href":"https:\/\/www.farnost-jablunkov.cz\/pl\/wp-json\/wp\/v2\/users\/1"}],"replies":[{"embeddable":true,"href":"https:\/\/www.farnost-jablunkov.cz\/pl\/wp-json\/wp\/v2\/comments?post=1916"}],"version-history":[{"count":2,"href":"https:\/\/www.farnost-jablunkov.cz\/pl\/wp-json\/wp\/v2\/pages\/1916\/revisions"}],"predecessor-version":[{"id":2342,"href":"https:\/\/www.farnost-jablunkov.cz\/pl\/wp-json\/wp\/v2\/pages\/1916\/revisions\/2342"}],"wp:attachment":[{"href":"https:\/\/www.farnost-jablunkov.cz\/pl\/wp-json\/wp\/v2\/media?parent=1916"}],"curies":[{"name":"wp","href":"https:\/\/api.w.org\/{rel}","templated":true}]}}