{"id":1411,"date":"2021-10-31T10:40:06","date_gmt":"2021-10-31T09:40:06","guid":{"rendered":"http:\/\/agathonet.com\/cs\/?page_id=1411"},"modified":"2021-12-10T20:49:09","modified_gmt":"2021-12-10T19:49:09","slug":"spolecenstvi-sv-josefa","status":"publish","type":"page","link":"https:\/\/www.farnost-jablunkov.cz\/pl\/spolecenstvi-sv-josefa","title":{"rendered":"Wsp\u00f3lnota \u015bw. J\u00f3zefa"},"content":{"rendered":"<p><\/p>\n<p style=\"text-align: justify;\"><span style=\"font-family: georgia,palatino,serif; font-size: 14pt;\">Wsp\u00f3lnota by\u0142a za\u0142o\u017cona w roku 1913 b\u0142. Alojzym Guanellou (1842-1915) z pomoc\u0105 i zatwierdzeniem papie\u017ca \u015bw. Piusa X. Wsp\u00f3lnota ma dwa cele:<\/span><\/p>\n<ol>\n<li style=\"text-align: justify;\"><span style=\"font-family: georgia,palatino,serif; font-size: 14pt;\">szerzy\u0107 i rozwija\u0107 w \u015bwiecie cze\u015b\u0107 ku czci \u015bw. J\u00f3zefa, patrona Ko\u015bcio\u0142a a szczeg\u00f3lnego patrona dobrej \u015bmierci.<\/span><\/li>\n<li style=\"text-align: justify;\"><span style=\"font-family: georgia,palatino,serif; font-size: 14pt;\">stara\u0107 si\u0119 o zainteresowanie mi\u0119dzy kap\u0142anami i laikami o duchowe dzie\u0142o modlitwy i dobrych uczynk\u00f3w jako pomoc wszystkim umieraj\u0105cym w ka\u017cdej chwili i we wszystkich sytuacjach. \u00a0T\u0105 drog\u0105 pomoc im otrzyma\u0107 \u0142ask\u0119 dobrej \u015bmierci, \u015bwi\u0119tej \u015bmierci \u2013 \u017cycia wiecznego.<\/span><\/li>\n<\/ol>\n<p style=\"text-align: justify;\"><span style=\"font-family: georgia,palatino,serif; font-size: 14pt;\">G\u0142\u00f3wna siedziba wsp\u00f3lnoty \u015bw. J\u00f3zefa znajduje si\u0119 w Rzymie przy ko\u015bciele \u015bw. J\u00f3zefa a obejmuje miliony cz\u0142onk\u00f3w z ca\u0142ego \u015bwiata.<\/span><\/p>\n<p style=\"text-align: justify;\"><span style=\"font-size: 14pt;\"><strong><span style=\"font-family: georgia,palatino,serif;\">Jak sta\u0107 si\u0119 cz\u0142onkiem?<\/span><\/strong><\/span><\/p>\n<ul>\n<li style=\"text-align: justify;\"><span style=\"font-family: georgia,palatino,serif; font-size: 14pt;\">Nag\u0142osi\u0107 swoje imi\u0119 do listy pani Helenie Kluzov\u00e9 po Mszy ku czci \u015bw. J\u00f3zefa za umieraj\u0105cych.<\/span><\/li>\n<li style=\"text-align: justify;\"><span style=\"font-family: georgia,palatino,serif; font-size: 14pt;\">Wci\u0105gu dnia wed\u0142ug mo\u015bliwo\u015bci modli\u0107 si\u0119 wi\u0119cej razy nast\u0119puj\u0105c\u0105\u00a0 modlitw\u0119: &#8222;<em>\u015bwi\u0119ty J\u00f3zefie, opiekunie pana Jezusa i prawdziwy oblubie\u0144cze Matki Bo\u017cej, m\u00f3dl si\u0119 za nami i za tymi, kt\u00f3rzy w ten dzie\u0144 umieraj\u0105.&#8221;<\/em><\/span><\/li>\n<\/ul>\n<p style=\"text-align: justify;\"><span style=\"font-size: 14pt;\"><strong><span style=\"font-family: georgia,palatino,serif;\">Odpusty dla cz\u0142onk\u00f3w<\/span><\/strong><\/span><\/p>\n<p style=\"text-align: justify;\"><span style=\"font-family: georgia,palatino,serif; font-size: 14pt;\"><strong>Odpust\u00a0<\/strong> &#8211; w teologii katolickiej poj\u0119cie oznaczaj\u0105ce darowanie przez Boga kary doczesnej za grzechy, kt\u00f3re zosta\u0142y odpuszczone co do winy. Odpust mo\u017ce by\u0107 zupe\u0142ny, je\u015bli jest darowaniem ca\u0142ej, przewidzianej przez Boga kary, lub cz\u0105stkowy \u2013 je\u015bli jest tej kary zmniejszeniem. Odpust mo\u017ce by\u0107 udzielony \u017cywym lub zmar\u0142ym i dotyczy wy\u0142\u0105cznie chrze\u015bcijan.<\/span><\/p>\n<p style=\"text-align: justify;\"><span style=\"font-size: 14pt;\"><strong><span style=\"font-family: georgia,palatino,serif;\">Odpust zupe\u0142ny uzyskuj\u0105 cz\u0142onkowie:<\/span><\/strong><\/span><\/p>\n<ul>\n<li style=\"text-align: justify;\"><span style=\"font-family: georgia,palatino,serif; font-size: 14pt;\">w dzie\u0144, w kt\u00f3rym byli zapisani do wsp\u00f3lnoty<\/span><\/li>\n<li style=\"text-align: justify;\"><span style=\"font-family: georgia,palatino,serif; font-size: 14pt;\">kap\u0142ani, kt\u00f3rzy odprawiaj\u0105 za konkretnego umieraj\u0105cego<\/span><\/li>\n<li style=\"text-align: justify;\"><span style=\"font-family: georgia,palatino,serif; font-size: 14pt;\">cz\u0142onkowie wsp\u00f3lnoty, kt\u00f3rzy uczetnicz\u0105 w Mszy ku chci \u015bw. J\u00f3zefa za umieraj\u0105cych<\/span><\/li>\n<li style=\"text-align: justify;\"><span style=\"font-family: georgia,palatino,serif; font-size: 14pt;\">wszystcy cz\u0142onkowie w godzinie \u015bmierci<\/span><\/li>\n<li style=\"text-align: justify;\"><span style=\"font-family: georgia,palatino,serif; font-size: 14pt;\">w \u015bwi\u0119ta \u015bw. J\u00f3zefa 19. 3. i 1. 5.<\/span><\/li>\n<li style=\"text-align: justify;\"><span style=\"font-family: georgia,palatino,serif; font-size: 14pt;\">w \u015bwi\u0119to \u015bw. rodziny<\/span><\/li>\n<li style=\"text-align: justify;\"><span style=\"font-family: georgia,palatino,serif; font-size: 14pt;\">21. 8. we wspomnienie \u015bw. Piusa X<\/span><\/li>\n<li style=\"text-align: justify;\"><span style=\"font-family: georgia,palatino,serif; font-size: 14pt;\">24. 10. we wspomnienie bl. Alojzego Guanella<\/span><\/li>\n<\/ul>\n<p><span style=\"font-size: 14pt;\"><strong><span style=\"font-family: georgia,palatino,serif;\">Odpust zupe\u0142ny mo\u017cna zyska\u0107 pod nast\u0119puj\u0105cymi warunkami:<\/span><\/strong><\/span><\/p>\n<ul>\n<li><span style=\"font-family: georgia,palatino,serif; font-size: 14pt;\">spowied\u017a \u015bw.<\/span><\/li>\n<li><span style=\"font-family: georgia,palatino,serif; font-size: 14pt;\">znajdowa\u0107 si\u0119 w stanie \u0142aski u\u015bwi\u0119caj\u0105cej<\/span><\/li>\n<li><span style=\"font-family: georgia,palatino,serif; font-size: 14pt;\">w dzie\u0144 zyskania odpustu przyst\u0105pi\u0107 do komunii \u015bw.<\/span><\/li>\n<li><span style=\"font-family: georgia,palatino,serif; font-size: 14pt;\">pomodli\u0107 si\u0119 w intencjach ojca \u015bwi\u0119tego Ojcze Nasz, Zdrowa\u015b Maryjo<\/span><\/li>\n<\/ul>\n<p style=\"text-align: justify;\"><span style=\"font-size: 14pt;\"><strong><span style=\"font-family: georgia,palatino,serif;\">Odpusty cz\u0105stkowe mo\u017cna zyska\u0107:<\/span><\/strong><\/span><\/p>\n<ul>\n<li style=\"text-align: justify;\"><span style=\"font-family: georgia,palatino,serif; font-size: 14pt;\">zawsze, kiedy cz\u0142onkowie pomodl\u0105 si\u0119 przytoczon\u0105 wy\u017cej modlitw\u0119 \u015bwi\u0119ty J\u00f3zefie,\u2026<\/span><\/li>\n<li style=\"text-align: justify;\"><span style=\"font-family: georgia,palatino,serif; font-size: 14pt;\">przy ka\u017cdym uczynku mi\u0142osiernym wykonanym z\u00a0my\u015bl\u0105 o wsp\u00f3lnocie<\/span><\/li>\n<\/ul>\n<p style=\"text-align: justify;\"><span style=\"font-size: 14pt;\"><strong><span style=\"font-family: georgia,palatino,serif;\">Kolejne dobra duchowe:<\/span><\/strong><\/span><\/p>\n<p style=\"text-align: justify;\"><span style=\"font-family: georgia,palatino,serif; font-size: 14pt;\">Zapisani cz\u0142onkowie maj\u0105 udzia\u0142 w \u0142askach p\u0142yn\u0105cych ze Mszy \u015bwi\u0119tych odprawianych ka\u017cdy dzie\u0144 w Rzymie w ko\u015bciele \u015bw. J\u00f3zefa, patrona dobrej \u015bmierci, na S\u0142owacji w ka\u017cdy tydzie\u0144 w \u015brod\u0119 w klasztorze \u015bw. J\u00f3zefa w Kremnickych Baniach.<\/span><\/p>\n<p>&nbsp;<\/p>\n<p style=\"text-align: center;\"><span style=\"font-size: 14pt;\"><strong><span style=\"font-family: georgia,palatino,serif;\">W ko\u015bciele parafialnym s\u0105 ka\u017cdy miesi\u0105c slu\u017cone Msze \u015bw. ku czci \u015bw. J\u00f3zefa za umieraj\u0105cych.<\/span><\/strong><\/span><br \/>\n<span style=\"font-family: georgia,palatino,serif; font-size: 14pt;\"><strong> W roku <span style=\"color: #ff0000;\">2022<\/span>\u00a0b\u0119d\u0105 zawsze w tygodniu po pierwszym pi\u0105tku miesi\u0105ca, na zmian\u0119: jeden miesi\u0105c w pi\u0105tek po polsku, drugi miesi\u0105c w \u015brod\u0119 po czesku, a zawsze o godz. 18.00.\u00a0<\/strong><br \/>\n<\/span><\/p>\n<p style=\"text-align: center;\"><span style=\"font-family: georgia,palatino,serif; font-size: 14pt;\">14.01. p\u00e1tek\u00a0\u00a0<\/span><br \/>\n<span style=\"font-family: georgia,palatino,serif; font-size: 14pt;\">09.02. st\u0159eda\u00a0 \u00a0<\/span><br \/>\n<span style=\"font-family: georgia,palatino,serif; font-size: 14pt;\">11.03. p\u00e1tek<\/span><br \/>\n<span style=\"font-family: georgia,palatino,serif; font-size: 14pt;\">06.04. st\u0159eda \u00a0<\/span><br \/>\n<span style=\"font-family: georgia,palatino,serif; font-size: 14pt;\">13.05. p\u00e1tek\u00a0 \u00a0<\/span><br \/>\n<span style=\"font-family: georgia,palatino,serif; font-size: 14pt;\">08.06. st\u0159eda\u00a0 \u00a0<\/span><br \/>\n<span style=\"font-family: georgia,palatino,serif; font-size: 14pt;\">08.07. p\u00e1tek\u00a0 \u00a0<\/span><br \/>\n<span style=\"font-family: georgia,palatino,serif; font-size: 14pt;\">10.08. st\u0159eda\u00a0<\/span><br \/>\n<span style=\"font-family: georgia,palatino,serif; font-size: 14pt;\">09.09. p\u00e1tek\u00a0 \u00a0<\/span><br \/>\n<span style=\"font-family: georgia,palatino,serif; font-size: 14pt;\">12.10. st\u0159eda\u00a0<\/span><br \/>\n<span style=\"font-family: georgia,palatino,serif; font-size: 14pt;\">11.11. p\u00e1tek\u00a0 \u00a0<\/span><br \/>\n<span style=\"font-family: georgia,palatino,serif; font-size: 14pt;\">07.12. st\u0159eda<\/span><\/p>\n<p>\u00a0 <\/p>","protected":false},"excerpt":{"rendered":"<p>Wsp\u00f3lnota by\u0142a za\u0142o\u017cona w roku 1913 b\u0142. Alojzym Guanellou (1842-1915) z pomoc\u0105 i zatwierdzeniem papie\u017ca \u015bw. Piusa X. Wsp\u00f3lnota ma dwa cele: szerzy\u0107 i rozwija\u0107 w \u015bwiecie cze\u015b\u0107 ku czci \u015bw. J\u00f3zefa, patrona Ko\u015bcio\u0142a a szczeg\u00f3lnego patrona dobrej \u015bmierci. stara\u0107 si\u0119 o zainteresowanie mi\u0119dzy kap\u0142anami i laikami o duchowe dzie\u0142o modlitwy i dobrych uczynk\u00f3w jako [&hellip;]<\/p>\n","protected":false},"author":1,"featured_media":0,"parent":0,"menu_order":0,"comment_status":"closed","ping_status":"closed","template":"","meta":{"_exactmetrics_skip_tracking":false,"_exactmetrics_sitenote_active":false,"_exactmetrics_sitenote_note":"","_exactmetrics_sitenote_category":0,"_monsterinsights_skip_tracking":false,"_monsterinsights_sitenote_active":false,"_monsterinsights_sitenote_note":"","_monsterinsights_sitenote_category":0,"footnotes":""},"class_list":["post-1411","page","type-page","status-publish","hentry"],"aioseo_notices":[],"_links":{"self":[{"href":"https:\/\/www.farnost-jablunkov.cz\/pl\/wp-json\/wp\/v2\/pages\/1411"}],"collection":[{"href":"https:\/\/www.farnost-jablunkov.cz\/pl\/wp-json\/wp\/v2\/pages"}],"about":[{"href":"https:\/\/www.farnost-jablunkov.cz\/pl\/wp-json\/wp\/v2\/types\/page"}],"author":[{"embeddable":true,"href":"https:\/\/www.farnost-jablunkov.cz\/pl\/wp-json\/wp\/v2\/users\/1"}],"replies":[{"embeddable":true,"href":"https:\/\/www.farnost-jablunkov.cz\/pl\/wp-json\/wp\/v2\/comments?post=1411"}],"version-history":[{"count":11,"href":"https:\/\/www.farnost-jablunkov.cz\/pl\/wp-json\/wp\/v2\/pages\/1411\/revisions"}],"predecessor-version":[{"id":1601,"href":"https:\/\/www.farnost-jablunkov.cz\/pl\/wp-json\/wp\/v2\/pages\/1411\/revisions\/1601"}],"wp:attachment":[{"href":"https:\/\/www.farnost-jablunkov.cz\/pl\/wp-json\/wp\/v2\/media?parent=1411"}],"curies":[{"name":"wp","href":"https:\/\/api.w.org\/{rel}","templated":true}]}}